{"id":15839,"date":"2022-12-15T12:28:40","date_gmt":"2022-12-15T11:28:40","guid":{"rendered":"https:\/\/actfestival.com\/?page_id=15839"},"modified":"2024-04-17T10:13:21","modified_gmt":"2024-04-17T09:13:21","slug":"programa-23","status":"publish","type":"page","link":"https:\/\/actfestival.com\/en\/programa-23\/","title":{"rendered":"Programa 2023"},"content":{"rendered":"<section class=\"l-section wpb_row height_huge color_primary with_img parallax_ver\"><div class=\"l-section-img\" role=\"img\" data-img-width=\"960\" data-img-height=\"640\" style=\"background-image: url(https:\/\/actfestival.com\/wp-content\/uploads\/2014\/09\/volumen_mucha.jpg);background-repeat: no-repeat;\"><\/div><div class=\"l-section-overlay\" style=\"background:rgba(0,187,255,0.70)\"><\/div><div class=\"l-section-h i-cf\"><div class=\"g-cols vc_row via_grid cols_2 laptops-cols_inherit tablets-cols_inherit mobiles-cols_1 valign_top type_default stacking_default\"><div class=\"wpb_column vc_column_container\"><div class=\"vc_column-inner\"><div class=\"wpb_text_column\"><div class=\"wpb_wrapper\"><h1 style=\"text-align: left;\">Programa<br \/>\nACT 2023<\/h1>\n<\/div><\/div><\/div><\/div><div class=\"wpb_column vc_column_container\"><div class=\"vc_column-inner\"><\/div><\/div><\/div><\/div><\/section><section class=\"l-section wpb_row height_custom\"><div class=\"l-section-h i-cf\"><div class=\"g-cols vc_row via_grid cols_2 laptops-cols_inherit tablets-cols_inherit mobiles-cols_1 valign_top type_default stacking_default\" style=\"--columns-gap:0rem;\"><div class=\"wpb_column vc_column_container\"><div class=\"vc_column-inner\"><div class=\"g-cols wpb_row via_grid cols_1 laptops-cols_inherit tablets-cols_inherit mobiles-cols_1 valign_top type_default stacking_default\" style=\"--columns-gap:3rem;\"><div class=\"wpb_column vc_column_container\"><div class=\"vc_column-inner\"><div class=\"w-separator size_custom\" style=\"height:6vh\" id=\"uf75\"><style>@media(max-width:1024px){ #uf75{height:14hv!important}}@media(max-width:479px){ #uf75{height:10hv!important}}<\/style><\/div><\/div><\/div><\/div><div class=\"g-cols wpb_row via_grid cols_1 laptops-cols_inherit tablets-cols_inherit mobiles-cols_1 valign_top type_default stacking_default\" style=\"--columns-gap:3rem;\"><div class=\"wpb_column vc_column_container\"><div class=\"vc_column-inner\"><div class=\"wpb_text_column us_custom_7d39fe36 us_animate_this\"><div class=\"wpb_wrapper\"><h2 style=\"text-align: right;\"><strong>Programa<\/strong><em><br \/>\nACT Festival<\/em><\/h2>\n<\/div><\/div><div class=\"wpb_text_column us_custom_7d39fe36 us_animate_this\"><div class=\"wpb_wrapper\"><h4 style=\"text-align: right;\">31 mayo &#8211; 3 junio 2023<\/h4>\n<\/div><\/div><\/div><\/div><\/div><div class=\"w-separator size_medium\"><\/div><div class=\"g-cols wpb_row via_grid cols_1 laptops-cols_inherit tablets-cols_inherit mobiles-cols_1 valign_top type_default stacking_default\" style=\"--columns-gap:3rem;\"><div class=\"wpb_column vc_column_container\"><div class=\"vc_column-inner\"><div class=\"wpb_text_column us_custom_603f721e us_animate_this\"><div class=\"wpb_wrapper\"><p>La programaci\u00f3n\u00a0 de <strong>ACT FESTIVAL<\/strong> <strong>2023<\/strong> tendr\u00e1 lugar en diferentes espacios, en Bilbao y Barakaldo: Guggenheim Bilbao Museoa, Kafe Antzokia, Exterior de Bizkaia Aretoa, Sala BBK y Teatro Barakaldo Antzokia &#8211; Dantzalabea.<\/p>\n<p>Como parte de la celebraci\u00f3n de la XX. edici\u00f3n de ACT, <strong>todas las entradas ser\u00e1n gratuitas<\/strong>. Para las sesiones en <strong><span style=\"text-decoration: underline;\"><a href=\"https:\/\/tickets.kutxabank.es\/#\/es\/detalle\/020623LOLI@Janto_KB\/20SBBK\/\">BBK Aretoa<\/a><\/span> y <a href=\"https:\/\/www.guggenheim-bilbao.eus\/actividades\/act-festival\"><span style=\"text-decoration: underline;\">Guggenheim Bilbao Museoa<\/span><\/a><\/strong>, podr\u00e1s\u00a0<strong>reservar las entradas a trav\u00e9s de su web o en taquilla<\/strong>. En <strong>Kafe Antzokia<\/strong>, la entrada ser\u00e1 <strong>libre hasta completar aforo<\/strong>. En <strong>Bizkaia Aretoa<\/strong>, al tratarse de un espect\u00e1culo de calle, el <strong>acceso ser\u00e1 libre<\/strong>.<\/p>\n<p>Para acceder a informaci\u00f3n detallada sobre las sesiones, las obras y compa\u00f1\u00edas que formar\u00e1n parte de ACT FESTIVAL 2023 descarga el <strong>programa de mano en versi\u00f3n PDF<\/strong> o consulta la <strong>versi\u00f3n on-line extendida<\/strong> un poco m\u00e1s abajo.<\/p>\n<\/div><\/div><\/div><\/div><\/div><\/div><\/div><div class=\"wpb_column vc_column_container us_custom_95d492f5\"><div class=\"vc_column-inner\"><div class=\"g-cols wpb_row hide_on_mobiles via_grid cols_1 laptops-cols_inherit tablets-cols_inherit mobiles-cols_1 valign_top type_default stacking_default\" style=\"--columns-gap:3rem;\"><div class=\"wpb_column vc_column_container\"><div class=\"vc_column-inner\"><div class=\"w-separator size_custom\" style=\"height:10vh\" id=\"vedb\"><style>@media(max-width:600px){ #vedb{height:14vh!important}}<\/style><\/div><\/div><\/div><\/div><div class=\"g-cols wpb_row hide_on_mobiles via_grid cols_1 laptops-cols_inherit tablets-cols_inherit mobiles-cols_1 valign_top type_default stacking_default\" style=\"--columns-gap:3rem;\"><div class=\"wpb_column vc_column_container\"><div class=\"vc_column-inner\"><div class=\"w-image us_custom_489410fb us_animate_this hide_on_mobiles has_ratio align_none\"><div class=\"w-image-h\"><div style=\"padding-bottom:144.4444%\"><\/div><img decoding=\"async\" width=\"1810\" height=\"2560\" src=\"https:\/\/actfestival.com\/wp-content\/uploads\/2023\/05\/ACT23_OK-scaled.jpg\" class=\"attachment-full size-full\" alt=\"\" loading=\"lazy\" \/><\/div><\/div><\/div><\/div><\/div><div class=\"w-separator size_medium\"><\/div><div class=\"w-btn-wrapper align_justify\"><a class=\"w-btn us-btn-style_30 us_custom_70cab4a6 us_animate_this\" target=\"_blank\" rel=\"nofollow\" href=\"https:\/\/actfestival.com\/wp-content\/uploads\/2023\/05\/ACT23-Eskuko-programa.pdf\"><span class=\"w-btn-label\">Descarga aqu\u00ed el programa de mano<\/span><\/a><\/div><\/div><\/div><\/div><\/div><\/section><section class=\"l-section wpb_row us_custom_b94ebacc has_text_color us_animate_this height_custom\"><div class=\"l-section-overlay\" style=\"background:rgba(26,26,26,0.00)\"><\/div><div class=\"l-section-h i-cf\"><div class=\"g-cols vc_row via_grid cols_1 laptops-cols_inherit tablets-cols_inherit mobiles-cols_1 valign_top type_default stacking_default\"><div class=\"wpb_column vc_column_container\"><div class=\"vc_column-inner\"><div class=\"w-tabs us_custom_4076faf9 has_text_color layout_hor style_simple2 switch_click has_scrolling\" style=\"--sections-title-size:1.5em\"><div class=\"w-tabs-list items_4 align_center\" style=\"font-weight:600;text-transform:none;\"><div class=\"w-tabs-list-h\"><button class=\"w-tabs-item active\" aria-controls=\"content-la38\" aria-expanded=\"false\"><span class=\"w-tabs-item-title\">Mi\u00e9rcoles 31<\/span><\/button><button class=\"w-tabs-item\" aria-controls=\"content-p46a\" aria-expanded=\"false\"><span class=\"w-tabs-item-title\">Jueves 1<\/span><\/button><button class=\"w-tabs-item\" aria-controls=\"content-ld83\" aria-expanded=\"false\"><span class=\"w-tabs-item-title\">Viernes 2<\/span><\/button><button class=\"w-tabs-item\" aria-controls=\"content-xe38\" aria-expanded=\"false\"><span class=\"w-tabs-item-title\">S\u00e1bado 3<\/span><\/button><\/div><\/div><div class=\"w-tabs-sections titles-align_none icon_chevron cpos_right\"><div class=\"w-tabs-section active\" id=\"la38\"><button class=\"w-tabs-section-header active\" aria-controls=\"content-la38\" aria-expanded=\"true\"><div class=\"w-tabs-section-title\">Mi\u00e9rcoles 31<\/div><div class=\"w-tabs-section-control\"><\/div><\/button><div  class=\"w-tabs-section-content\" id=\"content-la38\"><div class=\"w-tabs-section-content-h i-cf\"><div class=\"g-cols wpb_row via_grid cols_1-2-1 laptops-cols_inherit tablets-cols_inherit mobiles-cols_1 valign_top type_default stacking_default\" style=\"--columns-gap:3rem;\"><div class=\"wpb_column vc_column_container\"><div class=\"vc_column-inner\"><\/div><\/div><div class=\"wpb_column vc_column_container\"><div class=\"vc_column-inner\"><div class=\"wpb_text_column us_custom_b436380d has_text_color\"><div class=\"wpb_wrapper\"><p style=\"text-align: center;\"><span style=\"font-size: 12pt; font-family: verdana, geneva, sans-serif;\"><strong>Kafe Antzokia<br \/>| 20:30 |<\/strong><\/span><\/p>\n<\/div><\/div><div class=\"w-separator hide_on_tablets hide_on_mobiles size_custom\" style=\"height:30px\"><\/div><div class=\"w-ibanner us_custom_00857523 has_text_color animation_phorcys ratio_3x2 easing_ease\"><div class=\"w-ibanner-h\"><div class=\"w-ibanner-image\" style=\"background-image: url(https:\/\/actfestival.com\/wp-content\/uploads\/2023\/05\/Pampara-y-camaleona-1024x697.jpg)\"><\/div><div class=\"w-ibanner-content\"><div class=\"w-ibanner-content-h\"><h2 class=\"w-ibanner-title\" style=\"font-size:16px;\">LEER M\u00c1S<\/h2><div class=\"w-ibanner-desc\"><\/div><\/div><\/div><\/div><a target=\"_blank\" rel=\"nofollow\" href=\"https:\/\/actfestival.com\/pampara\/\" aria-label=\"LEER M\u00c1S\"><\/a><\/div><div class=\"w-separator size_custom\" style=\"height:12px\"><\/div><div class=\"wpb_text_column us_custom_df5f4c97 has_text_color\"><div class=\"wpb_wrapper\"><p style=\"text-align: justify;\"><span style=\"font-family: verdana, geneva, sans-serif; font-size: 18pt;\"><strong>La Camaleona y la P\u00e1mpara.<br \/>\nUna historia sobre ruedas.<\/strong><\/span><br \/>\n<span style=\"font-family: verdana, geneva, sans-serif; font-size: 12pt;\"><strong>BAI Antzerki Eskola | <span style=\"font-family: verdana, geneva, sans-serif;\"><span style=\"font-weight: 400;\"><b>Euskal Herria<\/b><\/span><\/span><\/strong><\/span><br \/>\n<span style=\"font-family: verdana, geneva, sans-serif;\"><span style=\"font-weight: 400;\">Dentro del marco de los cursos especiales de celebraci\u00f3n del XX aniversario del ACT, alumnado de BAI, ha trabajado sobre nuevas dramaturgias en la Escuela. El trabajo que presentan es el resultado de este curso de cinco d\u00edas de duraci\u00f3n. La historia de la Camaleona y la P\u00e1mpara, un divertimento que se act\u00faa sobre fragmentos de 16 canciones.\u00a0<\/span><\/span><span style=\"font-weight: 400; font-family: verdana, geneva, sans-serif;\"><span style=\"font-family: verdana, geneva, sans-serif; color: #ff0000;\"><span style=\"font-weight: 400;\"><span style=\"font-family: verdana, geneva, sans-serif;\">TEATRO<\/span><\/span><\/span><\/span><\/p>\n<\/div><\/div><div class=\"w-separator size_custom\" style=\"height:30px\"><\/div><div class=\"wpb_text_column us_custom_b436380d has_text_color\"><div class=\"wpb_wrapper\"><p style=\"text-align: center;\"><span style=\"font-size: 12pt; font-family: verdana, geneva, sans-serif;\"><strong>Kafe Antzokia<br \/>| 21:00 |<\/strong><\/span><\/p>\n<\/div><\/div><div class=\"w-separator hide_on_tablets hide_on_mobiles size_custom\" style=\"height:30px\"><\/div><div class=\"w-ibanner us_custom_00857523 has_text_color animation_phorcys ratio_3x2 easing_ease\"><div class=\"w-ibanner-h\"><div class=\"w-ibanner-image\" style=\"background-image: url(https:\/\/actfestival.com\/wp-content\/uploads\/2023\/05\/WhatsApp-Image-2023-05-26-at-17.03.39-1024x576.jpeg)\"><\/div><div class=\"w-ibanner-content\"><div class=\"w-ibanner-content-h\"><h2 class=\"w-ibanner-title\" style=\"font-size:16px;\">LEER M\u00c1S<\/h2><div class=\"w-ibanner-desc\"><\/div><\/div><\/div><\/div><a target=\"_blank\" rel=\"nofollow\" href=\"https:\/\/actfestival.com\/dmz\/\" aria-label=\"LEER M\u00c1S\"><\/a><\/div><div class=\"w-separator size_custom\" style=\"height:12px\"><\/div><div class=\"wpb_text_column us_custom_df5f4c97 has_text_color\"><div class=\"wpb_wrapper\"><p style=\"text-align: justify;\"><span style=\"font-family: verdana, geneva, sans-serif; font-size: 18pt;\"><strong>DMZ<\/strong><\/span><br \/>\n<span style=\"font-family: verdana, geneva, sans-serif; font-size: 12pt;\"><strong>DURI | <span style=\"font-family: verdana, geneva, sans-serif;\"><span style=\"font-weight: 400;\"><b>South Korea<\/b><\/span><\/span><\/strong><\/span><br \/>\n<span style=\"font-family: verdana, geneva, sans-serif;\"><span style=\"font-weight: 400;\"><strong>DURI<\/strong>, instituci\u00f3n coreana hermanada con ACT Festival desde hace a\u00f1os, celebra el XX aniversario de ACT ofreciendo un espect\u00e1culo que mezcla performance, m\u00fasica, danza y audiovisuales, creado expresamente para esta ocasi\u00f3n, y que resulta de la investigaci\u00f3n artist\u00edstica entorno a la DMZ, La Zona Desmilitarizada de Corea, potente s\u00edmbolo de la divisi\u00f3n de un pueblo.\u00a0 <\/span><\/span><span style=\"font-weight: 400; font-family: verdana, geneva, sans-serif;\"><span style=\"font-family: verdana, geneva, sans-serif; color: #ff0000;\"><span style=\"font-weight: 400;\"><span style=\"font-family: verdana, geneva, sans-serif;\">DANZA<\/span><\/span><\/span><\/span><\/p>\n<\/div><\/div><div class=\"w-separator size_custom\" style=\"height:7px\"><\/div><\/div><\/div><div class=\"wpb_column vc_column_container\"><div class=\"vc_column-inner\"><\/div><\/div><\/div><\/div><\/div><\/div><div class=\"w-tabs-section\" id=\"p46a\"><button class=\"w-tabs-section-header\" aria-controls=\"content-p46a\" aria-expanded=\"false\"><div class=\"w-tabs-section-title\">Jueves 1<\/div><div class=\"w-tabs-section-control\"><\/div><\/button><div  class=\"w-tabs-section-content\" id=\"content-p46a\"><div class=\"w-tabs-section-content-h i-cf\"><div class=\"g-cols wpb_row via_grid cols_1-2-1 laptops-cols_inherit tablets-cols_inherit mobiles-cols_1 valign_top type_default stacking_default\" style=\"--columns-gap:3rem;\"><div class=\"wpb_column vc_column_container\"><div class=\"vc_column-inner\"><\/div><\/div><div class=\"wpb_column vc_column_container\"><div class=\"vc_column-inner\"><div class=\"wpb_text_column us_custom_3e0424ef has_text_color\"><div class=\"wpb_wrapper\"><p style=\"text-align: center;\"><span style=\"font-size: 12pt; font-family: verdana, geneva, sans-serif;\"><strong>Bizkaia Aretoa<br \/>\n| 20:00 |<\/strong><\/span><\/p>\n<\/div><\/div><div class=\"w-separator hide_on_tablets hide_on_mobiles size_custom\" style=\"height:30px\"><\/div><div class=\"w-ibanner us_custom_00857523 has_text_color animation_phorcys ratio_3x2 easing_ease\"><div class=\"w-ibanner-h\"><div class=\"w-ibanner-image\" style=\"background-image: url(https:\/\/actfestival.com\/wp-content\/uploads\/2023\/05\/FINALE-1024x576.jpg)\"><\/div><div class=\"w-ibanner-content\"><div class=\"w-ibanner-content-h\"><h2 class=\"w-ibanner-title\" style=\"font-size:16px;\">LEER M\u00c1S<\/h2><div class=\"w-ibanner-desc\"><\/div><\/div><\/div><\/div><a target=\"_blank\" rel=\"nofollow\" href=\"https:\/\/actfestival.com\/finale\/\" aria-label=\"LEER M\u00c1S\"><\/a><\/div><div class=\"w-separator size_custom\" style=\"height:12px\"><\/div><div class=\"wpb_text_column us_custom_df5f4c97 has_text_color\"><div class=\"wpb_wrapper\"><p style=\"text-align: justify;\"><span style=\"font-family: verdana, geneva, sans-serif; font-size: 18pt;\"><strong>Finale<\/strong><\/span><br \/>\n<span style=\"font-family: verdana, geneva, sans-serif; font-size: 12pt;\"><strong>Delrev\u00e9s | <span style=\"font-family: verdana, geneva, sans-serif;\"><span style=\"font-weight: 400;\"><b>Catalunya<\/b><\/span><\/span><\/strong><\/span><br \/>\n<span style=\"font-family: verdana, geneva, sans-serif;\"><span style=\"font-weight: 400;\">Danza vertical basada en las premisas est\u00e9ticas y conceptuales de la danza cl\u00e1sica. Dos bailarinas suspendidas en una pared, desafiando la gravedad, al ritmo \u00abEl lago de los cisnes\u00bb, \u00abEl rompenueces\u00bb o \u00abGiselle\u00bb, entre otros<\/span><\/span><span style=\"font-weight: 400; font-family: verdana, geneva, sans-serif;\">. <span style=\"font-family: verdana, geneva, sans-serif; color: #ff0000;\"><span style=\"font-weight: 400;\"><span style=\"font-family: verdana, geneva, sans-serif;\">DANZA VERTICAL<\/span><\/span><\/span><\/span><\/p>\n<\/div><\/div><div class=\"w-separator size_custom\" style=\"height:30px\"><\/div><div class=\"wpb_text_column us_custom_3e0424ef has_text_color\"><div class=\"wpb_wrapper\"><p style=\"text-align: center;\"><span style=\"font-size: 12pt; font-family: verdana, geneva, sans-serif;\"><strong>Kafe Antzokia<br \/>\n| 21:30 |<\/strong><\/span><\/p>\n<\/div><\/div><div class=\"w-separator hide_on_tablets hide_on_mobiles size_custom\" style=\"height:30px\"><\/div><div class=\"w-ibanner us_custom_00857523 has_text_color animation_phorcys ratio_3x2 easing_ease\"><div class=\"w-ibanner-h\"><div class=\"w-ibanner-image\" style=\"background-image: url(https:\/\/actfestival.com\/wp-content\/uploads\/2023\/05\/img8-1024x684.jpg)\"><\/div><div class=\"w-ibanner-content\"><div class=\"w-ibanner-content-h\"><h2 class=\"w-ibanner-title\" style=\"font-size:16px;\">LEER M\u00c1S<\/h2><div class=\"w-ibanner-desc\"><\/div><\/div><\/div><\/div><a target=\"_blank\" rel=\"nofollow\" href=\"https:\/\/actfestival.com\/ultra-violet\/\" aria-label=\"LEER M\u00c1S\"><\/a><\/div><div class=\"w-separator size_custom\" style=\"height:12px\"><\/div><div class=\"wpb_text_column us_custom_df5f4c97 has_text_color\"><div class=\"wpb_wrapper\"><p style=\"text-align: justify;\"><span style=\"font-size: 18pt; font-family: verdana, geneva, sans-serif;\"><strong>Ultra Violet<\/strong><\/span><br \/>\n<span style=\"font-family: verdana, geneva, sans-serif; font-size: 12pt;\"><strong>Almudena P\u00e9rez | Euskal Herria<\/strong><\/span><br \/>\n<span style=\"font-family: verdana, geneva, sans-serif;\"><span style=\"font-weight: 400;\">Cuestionamiento, a trav\u00e9s de la danza y el tono sat\u00edrico, de las normas existentes relacionadas con el poder y el \u00e9xito social desde un punto de vista feminista. <span style=\"color: #ff0000;\">DANZA<\/span><\/span><\/span><\/p>\n<\/div><\/div><div class=\"w-separator size_custom\" style=\"height:30px\"><\/div><div class=\"wpb_text_column us_custom_3e0424ef has_text_color\"><div class=\"wpb_wrapper\"><p style=\"text-align: center;\"><span style=\"font-size: 12pt; font-family: verdana, geneva, sans-serif;\"><strong>Kafe Antzokia<br \/>\nPase para Gabriel Aresti Euskaltegia | 11:30 |<\/strong><\/span><br \/>\n<strong><span style=\"font-family: verdana, geneva, sans-serif;\">Pase para p\u00fablico general |22:00|<\/span><\/strong><\/p>\n<\/div><\/div><div class=\"w-separator hide_on_tablets hide_on_mobiles size_custom\" style=\"height:30px\"><\/div><div class=\"w-ibanner us_custom_00857523 has_text_color animation_phorcys ratio_3x2 easing_ease\"><div class=\"w-ibanner-h\"><div class=\"w-ibanner-image\" style=\"background-image: url(https:\/\/actfestival.com\/wp-content\/uploads\/2023\/05\/Belarriprest_SareSozialak_hirugarren-1024x1024.jpg)\"><\/div><div class=\"w-ibanner-content\"><div class=\"w-ibanner-content-h\"><h2 class=\"w-ibanner-title\" style=\"font-size:16px;\">LEER M\u00c1S<\/h2><div class=\"w-ibanner-desc\"><\/div><\/div><\/div><\/div><a target=\"_blank\" rel=\"nofollow\" href=\"https:\/\/actfestival.com\/belarriprest\/\" aria-label=\"LEER M\u00c1S\"><\/a><\/div><div class=\"w-separator size_custom\" style=\"height:12px\"><\/div><div class=\"wpb_text_column us_custom_df5f4c97 has_text_color\"><div class=\"wpb_wrapper\"><p style=\"text-align: justify;\"><span style=\"font-size: 18pt; font-family: verdana, geneva, sans-serif;\"><strong>Belarriprest<\/strong><\/span><br \/>\n<span style=\"font-family: verdana, geneva, sans-serif; font-size: 12pt;\"><strong>Amaia Bono | Euskal Herria<\/strong><\/span><br \/>\n<span style=\"font-family: verdana, geneva, sans-serif;\"><span style=\"font-weight: 400;\">Identidad, traducci\u00f3n, fallo, cultura, palabras, biograf\u00eda&#8230; Todo ello desde el relato de los euskaldunberris.\u00a0<\/span><\/span><\/p>\n<\/div><\/div><div class=\"w-separator size_custom\" style=\"height:7px\"><\/div><div class=\"w-popup us_custom_187200f4 w-btn-wrapper align_left\"><button aria-label=\"Ver teaser\" class=\"w-popup-trigger type_btn w-btn us-btn-style_1\" style=\"font-size:12px\"><span class=\"w-btn-label\">Ver teaser<\/span><\/button><div class=\"w-popup-overlay\" style=\"background:rgba(0,0,0,0.85);\"><\/div><div class=\"w-popup-wrap layout_default\" style=\"--title-color:var(--color-content-heading);--title-bg-color:var(--color-content-bg-alt);--content-color:var(--color-content-text);--content-bg-color:var(--color-content-bg);--popup-width:600px;--popup-padding:5%;\"><div class=\"w-popup-box animation_fadeIn closerpos_outside without_title\"><div class=\"w-popup-box-h\"><div class=\"w-popup-box-content\"><p><iframe loading=\"lazy\" title=\"Trantsizioak 22-23 I Belarri Prest I Amaia Bono\" width=\"640\" height=\"360\" src=\"https:\/\/www.youtube.com\/embed\/NrZOtYRvFus?feature=oembed\" frameborder=\"0\" allow=\"accelerometer; autoplay; clipboard-write; encrypted-media; gyroscope; picture-in-picture; web-share\" allowfullscreen><\/iframe><\/p>\n<\/div><\/div><\/div><div class=\"w-popup-closer\"><\/div><\/div><\/div><\/div><\/div><div class=\"wpb_column vc_column_container\"><div class=\"vc_column-inner\"><\/div><\/div><\/div><\/div><\/div><\/div><div class=\"w-tabs-section\" id=\"ld83\"><button class=\"w-tabs-section-header\" aria-controls=\"content-ld83\" aria-expanded=\"false\"><div class=\"w-tabs-section-title\">Viernes 2<\/div><div class=\"w-tabs-section-control\"><\/div><\/button><div  class=\"w-tabs-section-content\" id=\"content-ld83\"><div class=\"w-tabs-section-content-h i-cf\"><div class=\"g-cols wpb_row via_grid cols_1-2-1 laptops-cols_inherit tablets-cols_inherit mobiles-cols_1 valign_top type_default stacking_default\" style=\"--columns-gap:3rem;\"><div class=\"wpb_column vc_column_container\"><div class=\"vc_column-inner\"><\/div><\/div><div class=\"wpb_column vc_column_container\"><div class=\"vc_column-inner\"><div class=\"wpb_text_column us_custom_3e0424ef has_text_color\"><div class=\"wpb_wrapper\"><p style=\"text-align: center;\"><strong><span style=\"font-family: verdana, geneva, sans-serif;\">Sala BBK Aretoa<br \/>\n| 20:00 | <\/span><\/strong><\/p>\n<\/div><\/div><div class=\"w-separator hide_on_mobiles size_custom\" style=\"height:30px\"><\/div><div class=\"w-ibanner us_custom_00857523 has_text_color animation_phorcys ratio_3x2 easing_ease\"><div class=\"w-ibanner-h\"><div class=\"w-ibanner-image\" style=\"background-image: url(https:\/\/actfestival.com\/wp-content\/uploads\/2023\/04\/Foto1-Personas-OCL-1024x683.jpg)\"><\/div><div class=\"w-ibanner-content\"><div class=\"w-ibanner-content-h\"><h2 class=\"w-ibanner-title\" style=\"font-size:16px;\">LEER M\u00c1S<\/h2><div class=\"w-ibanner-desc\"><\/div><\/div><\/div><\/div><a target=\"_blank\" rel=\"nofollow\" href=\"https:\/\/actfestival.com\/loli\/\" aria-label=\"LEER M\u00c1S\"><\/a><\/div><div class=\"w-separator size_custom\" style=\"height:12px\"><\/div><div class=\"wpb_text_column us_custom_df5f4c97 has_text_color\"><div class=\"wpb_wrapper\"><p style=\"text-align: justify;\"><span style=\"font-size: 18pt; font-family: verdana, geneva, sans-serif;\"><strong>Personas escandalosas&#8230;<\/strong><\/span><br \/>\n<span style=\"font-family: verdana, geneva, sans-serif; font-size: 12pt;\"><strong>Orientaci\u00f3n Colectiva Loli | Catalunya<\/strong><\/span><br \/>\n<span style=\"font-family: verdana, geneva, sans-serif;\"><span style=\"font-weight: 400;\">Una pieza de teatro posdram\u00e1tico, un espect\u00e1culo contra la cultura de la homofobia. <span style=\"color: #ff0000;\">PERFORMANCE<\/span><\/span><\/span><\/p>\n<\/div><\/div><div class=\"w-separator size_custom\" style=\"height:30px\"><\/div><div class=\"wpb_text_column us_custom_3e0424ef has_text_color\"><div class=\"wpb_wrapper\"><p style=\"text-align: center;\"><strong><span style=\"font-family: verdana, geneva, sans-serif;\">Kafe Antzokia<br \/>\n| 22:00 | <\/span><\/strong><\/p>\n<\/div><\/div><div class=\"w-separator hide_on_mobiles size_custom\" style=\"height:30px\"><\/div><div class=\"w-ibanner us_custom_00857523 has_text_color animation_phorcys ratio_3x2 easing_ease\"><div class=\"w-ibanner-h\"><div class=\"w-ibanner-image\" style=\"background-image: url(https:\/\/actfestival.com\/wp-content\/uploads\/2023\/05\/verparacreer2-scaled-e1683022267355-1024x854.jpg)\"><\/div><div class=\"w-ibanner-content\"><div class=\"w-ibanner-content-h\"><h2 class=\"w-ibanner-title\" style=\"font-size:16px;\">LEER M\u00c1S<\/h2><div class=\"w-ibanner-desc\"><\/div><\/div><\/div><\/div><a target=\"_blank\" rel=\"nofollow\" href=\"https:\/\/actfestival.com\/lazaro\/\" aria-label=\"LEER M\u00c1S\"><\/a><\/div><div class=\"w-separator size_custom\" style=\"height:12px\"><\/div><div class=\"wpb_text_column us_custom_df5f4c97 has_text_color\"><div class=\"wpb_wrapper\"><p style=\"text-align: justify;\"><span style=\"font-family: verdana, geneva, sans-serif; font-size: 18pt;\"><strong>La resurrecci\u00f3n de L\u00e1zaro<\/strong><\/span><br \/>\n<span style=\"font-family: verdana, geneva, sans-serif; font-size: 12pt;\"><strong>BAI Eskola | <span style=\"font-family: verdana, geneva, sans-serif;\"><span style=\"font-weight: 400;\"><b>Euskal Herria<\/b><\/span><\/span><\/strong><\/span><br \/>\n<span style=\"font-family: verdana, geneva, sans-serif;\"><span style=\"font-weight: 400;\">\u00bfQu\u00e9 puede suceder cuando se cree en hechos extraordinarios sin poseer evidencias? \u00bfQui\u00e9n saca partido de la ingenuidad de la gente?<\/span><\/span><span style=\"font-weight: 400; font-family: verdana, geneva, sans-serif;\">\u00a0<span style=\"font-family: verdana, geneva, sans-serif; color: #ff0000;\"><span style=\"font-weight: 400;\"><span style=\"font-family: verdana, geneva, sans-serif;\">TEATRO<\/span><\/span><\/span><\/span><\/p>\n<\/div><\/div><div class=\"w-separator size_custom\" style=\"height:30px\"><\/div><div class=\"wpb_text_column us_custom_3e0424ef has_text_color\"><div class=\"wpb_wrapper\"><p style=\"text-align: center;\"><strong><span style=\"font-family: verdana, geneva, sans-serif;\">Kafe Antzokia<br \/>\n| 22:30 | <\/span><\/strong><\/p>\n<\/div><\/div><div class=\"w-separator hide_on_mobiles size_custom\" style=\"height:30px\"><\/div><div class=\"w-ibanner us_custom_00857523 has_text_color animation_phorcys ratio_3x2 easing_ease\"><div class=\"w-ibanner-h\"><div class=\"w-ibanner-image\" style=\"background-image: url(https:\/\/actfestival.com\/wp-content\/uploads\/2023\/05\/The-Sensemaker-HQ.jpeg)\"><\/div><div class=\"w-ibanner-content\"><div class=\"w-ibanner-content-h\"><h2 class=\"w-ibanner-title\" style=\"font-size:16px;\">LEER M\u00c1S<\/h2><div class=\"w-ibanner-desc\"><\/div><\/div><\/div><\/div><a target=\"_blank\" rel=\"nofollow\" href=\"https:\/\/actfestival.com\/sensemaker\/\" aria-label=\"LEER M\u00c1S\"><\/a><\/div><div class=\"w-separator size_custom\" style=\"height:12px\"><\/div><div class=\"wpb_text_column us_custom_df5f4c97 has_text_color\"><div class=\"wpb_wrapper\"><p style=\"text-align: justify;\"><span style=\"font-family: verdana, geneva, sans-serif; font-size: 18pt;\"><strong>The Sensemaker<\/strong><\/span><br \/>\n<span style=\"font-family: verdana, geneva, sans-serif; font-size: 12pt;\"><strong>Woman&#8217;s Move | <span style=\"font-family: verdana, geneva, sans-serif;\"><span style=\"font-weight: 400;\"><b>Suiza<\/b><\/span><\/span><\/strong><\/span><br \/>\n<span style=\"font-family: verdana, geneva, sans-serif;\"><span style=\"font-weight: 400;\">Batalla dist\u00f3pica entre una mujer y un contestador autom\u00e1tico, cuestionamiento de los efectos de las nuevas tecnolog\u00edas en nuestras vidas, as\u00ed como los laboriosos procedimientos administrativos de nuestros sistemas burocr\u00e1ticos.<\/span><\/span><span style=\"font-weight: 400; font-family: verdana, geneva, sans-serif;\">\u00a0<span style=\"font-family: verdana, geneva, sans-serif; color: #ff0000;\"><span style=\"font-weight: 400;\"><span style=\"font-family: verdana, geneva, sans-serif;\">TEATRO + DANZA<\/span><\/span><\/span><\/span><\/p>\n<\/div><\/div><\/div><\/div><div class=\"wpb_column vc_column_container\"><div class=\"vc_column-inner\"><\/div><\/div><\/div><\/div><\/div><\/div><div class=\"w-tabs-section\" id=\"xe38\"><button class=\"w-tabs-section-header\" aria-controls=\"content-xe38\" aria-expanded=\"false\"><div class=\"w-tabs-section-title\">S\u00e1bado 3<\/div><div class=\"w-tabs-section-control\"><\/div><\/button><div  class=\"w-tabs-section-content\" id=\"content-xe38\"><div class=\"w-tabs-section-content-h i-cf\"><div class=\"g-cols wpb_row via_grid cols_1-2-1 laptops-cols_inherit tablets-cols_inherit mobiles-cols_1 valign_top type_default stacking_default\" style=\"--columns-gap:3rem;\"><div class=\"wpb_column vc_column_container\"><div class=\"vc_column-inner\"><\/div><\/div><div class=\"wpb_column vc_column_container\"><div class=\"vc_column-inner\"><div class=\"wpb_text_column us_custom_3e0424ef has_text_color\"><div class=\"wpb_wrapper\"><p style=\"text-align: center;\"><strong><span style=\"font-family: verdana, geneva, sans-serif;\">Guggeheim Bilbao Museoa &#8211; Auditorio<br \/>\n| 19:30 | <\/span><\/strong><\/p>\n<\/div><\/div><div class=\"w-separator hide_on_mobiles size_custom\" style=\"height:30px\"><\/div><div class=\"w-ibanner us_custom_00857523 has_text_color animation_phorcys ratio_3x2 easing_ease\"><div class=\"w-ibanner-h\"><div class=\"w-ibanner-image\" style=\"background-image: url(https:\/\/actfestival.com\/wp-content\/uploads\/2023\/05\/pollo-campero-1024x539.jpg)\"><\/div><div class=\"w-ibanner-content\"><div class=\"w-ibanner-content-h\"><h2 class=\"w-ibanner-title\" style=\"font-size:16px;\">LEER M\u00c1S<\/h2><div class=\"w-ibanner-desc\"><\/div><\/div><\/div><\/div><a target=\"_blank\" rel=\"nofollow\" href=\"https:\/\/actfestival.com\/mienten\/\" aria-label=\"LEER M\u00c1S\"><\/a><\/div><div class=\"w-separator size_custom\" style=\"height:12px\"><\/div><div class=\"wpb_text_column us_custom_df5f4c97 has_text_color\"><div class=\"wpb_wrapper\"><p style=\"text-align: justify;\"><span style=\"font-family: verdana, geneva, sans-serif;\"><span style=\"font-size: 24px;\"><b>Las actrices siempre mienten<\/b><\/span><\/span><br \/>\n<span style=\"font-family: verdana, geneva, sans-serif; font-size: 12pt;\"><strong>El Pollo Campero | Catalunya<\/strong><\/span><br \/>\n<span style=\"font-family: verdana, geneva, sans-serif;\"><span style=\"font-weight: 400;\">Investigaci\u00f3n esc\u00e9nica que parte del estereotipo y los t\u00f3picos asociados al universo de la actriz, para utilizarlo como excusa, trascenderlo y hablar de los temas que nos interesan como creadoras y como individuas.<\/span><\/span><br \/>\n<span style=\"font-family: verdana, geneva, sans-serif; color: #ff0000;\"><span style=\"font-weight: 400;\"><span style=\"font-family: verdana, geneva, sans-serif;\">TEATRO<\/span><\/span><\/span><\/p>\n<\/div><\/div><div class=\"w-separator size_custom\" style=\"height:7px\"><\/div><\/div><\/div><div class=\"wpb_column vc_column_container\"><div class=\"vc_column-inner\"><\/div><\/div><\/div><\/div><\/div><\/div><\/div><\/div><\/div><\/div><\/div><\/div><\/section><section class=\"l-section wpb_row hide_on_default hide_on_laptops hide_on_tablets height_medium\"><div class=\"l-section-h i-cf\"><div class=\"g-cols vc_row via_grid cols_1 laptops-cols_inherit tablets-cols_inherit mobiles-cols_1 valign_top type_default stacking_default\"><div class=\"wpb_column vc_column_container\"><div class=\"vc_column-inner\"><div class=\"g-cols wpb_row us_custom_e3278ba9 via_grid cols_2 laptops-cols_inherit tablets-cols_inherit mobiles-cols_1 valign_top type_default stacking_default\" style=\"--columns-gap:2rem;\"><div class=\"wpb_column vc_column_container\"><div class=\"vc_column-inner\"><div class=\"wpb_text_column us_custom_7d39fe36 us_animate_this\"><div class=\"wpb_wrapper\"><h3 style=\"text-align: right;\"><strong><span style=\"color: #000000;\">Suscr\u00edbete<\/span><br \/>\n<\/strong><em>\u00a0a nuestra Newsletter<br \/>\n<\/em><\/h3>\n<\/div><\/div><\/div><\/div><div class=\"wpb_column vc_column_container\"><div class=\"vc_column-inner\"><form class=\"w-form  us-field-style_1 us_custom_861f554a us_animate_this layout_ver for_cform us_form_1\" autocomplete=\"off\" action=\"https:\/\/actfestival.com\/en\/wp-json\/wp\/v2\/pages\/15839\" method=\"post\" style=\"--fields-gap:1.9rem\"><div class=\"w-form-h\"><div class=\"w-form-row for_text required\">\r\n\t\t<div class=\"w-form-row-field\">\r\n\t\t\t\t\t\t<input aria-label=\"Nombre\" type=\"text\" name=\"us_form_1_text_1\" value placeholder=\"Nombre *\" data-required=\"true\" aria-required=\"true\"\/>\r\n\t\t\t<\/div>\r\n\t\t<div class=\"w-form-row-state\">Fill out this field<\/div>\r\n<\/div>\r\n<div class=\"w-form-row for_email required\">\r\n\t\t<div class=\"w-form-row-field\">\r\n\t\t\t\t\t\t<input aria-label=\"Email\" type=\"email\" name=\"us_form_1_email_1\" value placeholder=\"Email *\" data-required=\"true\" aria-required=\"true\"\/>\r\n\t\t\t<\/div>\r\n\t\t<div class=\"w-form-row-state\">Please enter a valid email address.<\/div>\r\n<\/div>\r\n<div class=\"w-form-row for_agreement required\">\r\n\t\t<div class=\"w-form-row-field\">\r\n\t\t\t\t<label>\r\n\t\t\t<input type=\"checkbox\" value=\"1\" data-required=\"true\" aria-required=\"true\" name=\"us_form_1_agreement_1\"\/>\r\n\t\t\t<span>Acepto la pol\u00edtica de privacidad.<\/span>\r\n\t\t<\/label>\r\n\t\t\t<\/div>\r\n\t\t<div class=\"w-form-row-state\">You need to agree with the terms to proceed<\/div>\r\n<\/div>\r\n<input type=\"hidden\" name=\"action\" value=\"us_ajax_cform\" \/>\r\n<input type=\"hidden\" name=\"post_id\" value=\"0\" \/>\r\n<input type=\"hidden\" name=\"form_index\" value=\"1\" \/>\r\n<div class=\"w-form-row for_submit align_none\">\r\n\t<button class=\"w-btn  us-btn-style_1\" aria-label=\"SUSCR\u00cdBETE\" type=\"submit\">\r\n\t\t<span class=\"g-preloader type_1\"><\/span>\r\n\t\t\t\t<span class=\"w-btn-label\">SUSCR\u00cdBETE<\/span>\r\n\t\t\t<\/button>\r\n\t<\/div>\r\n<\/div><div class=\"w-form-message\"><\/div><div class=\"w-form-json hidden\" onclick='return {&quot;ajaxurl&quot;:&quot;https:\\\/\\\/actfestival.com\\\/wp-admin\\\/admin-ajax.php&quot;,&quot;messages&quot;:{&quot;err_empty&quot;:&quot;Fill out this field&quot;,&quot;err_size&quot;:&quot;File size cannot exceed %s MB&quot;,&quot;err_extension&quot;:&quot;%s file type is not allowed&quot;,&quot;err_recaptcha_keys&quot;:&quot;reCAPTCHA keys are incorrect&quot;}}'><\/div><\/form><\/div><\/div><\/div><\/div><\/div><\/div><\/div><\/section><section class=\"l-section wpb_row us_custom_d4074d25 hide_on_mobiles height_medium\"><div class=\"l-section-h i-cf\"><div class=\"g-cols vc_row via_grid cols_1 laptops-cols_inherit tablets-cols_inherit mobiles-cols_1 valign_top type_default stacking_default\"><div class=\"wpb_column vc_column_container\"><div class=\"vc_column-inner\"><div class=\"g-cols wpb_row us_custom_e3278ba9 via_grid cols_2 laptops-cols_inherit tablets-cols_inherit mobiles-cols_1 valign_top type_default stacking_default\" style=\"--columns-gap:2rem;\"><div class=\"wpb_column vc_column_container\"><div class=\"vc_column-inner\"><div class=\"wpb_text_column us_custom_7d39fe36 us_animate_this\"><div class=\"wpb_wrapper\"><h3 style=\"text-align: right;\"><strong><span style=\"color: #000000;\">Suscr\u00edbete<\/span><br \/>\n<\/strong><em>\u00a0a nuestra Newsletter<br \/>\n<\/em><\/h3>\n<\/div><\/div><\/div><\/div><div class=\"wpb_column vc_column_container\"><div class=\"vc_column-inner\"><form class=\"w-form  us-field-style_1 us_custom_861f554a us_animate_this layout_ver for_cform us_form_2\" autocomplete=\"off\" action=\"https:\/\/actfestival.com\/en\/wp-json\/wp\/v2\/pages\/15839\" method=\"post\" style=\"--fields-gap:1.9rem\"><div class=\"w-form-h\"><div class=\"w-form-row for_text required\">\r\n\t\t<div class=\"w-form-row-field\">\r\n\t\t\t\t\t\t<input aria-label=\"Nombre\" type=\"text\" name=\"us_form_2_text_1\" value placeholder=\"Nombre *\" data-required=\"true\" aria-required=\"true\"\/>\r\n\t\t\t<\/div>\r\n\t\t<div class=\"w-form-row-state\">Fill out this field<\/div>\r\n<\/div>\r\n<div class=\"w-form-row for_email required\">\r\n\t\t<div class=\"w-form-row-field\">\r\n\t\t\t\t\t\t<input aria-label=\"Email\" type=\"email\" name=\"us_form_2_email_1\" value placeholder=\"Email *\" data-required=\"true\" aria-required=\"true\"\/>\r\n\t\t\t<\/div>\r\n\t\t<div class=\"w-form-row-state\">Please enter a valid email address.<\/div>\r\n<\/div>\r\n<div class=\"w-form-row for_agreement required\">\r\n\t\t<div class=\"w-form-row-field\">\r\n\t\t\t\t<label>\r\n\t\t\t<input type=\"checkbox\" value=\"1\" data-required=\"true\" aria-required=\"true\" name=\"us_form_2_agreement_1\"\/>\r\n\t\t\t<span>Acepto la pol\u00edtica de privacidad.<\/span>\r\n\t\t<\/label>\r\n\t\t\t<\/div>\r\n\t\t<div class=\"w-form-row-state\">You need to agree with the terms to proceed<\/div>\r\n<\/div>\r\n<input type=\"hidden\" name=\"action\" value=\"us_ajax_cform\" \/>\r\n<input type=\"hidden\" name=\"post_id\" value=\"0\" \/>\r\n<input type=\"hidden\" name=\"form_index\" value=\"2\" \/>\r\n<div class=\"w-form-row for_submit align_none\">\r\n\t<button class=\"w-btn  us-btn-style_1\" aria-label=\"SUSCR\u00cdBETE\" type=\"submit\">\r\n\t\t<span class=\"g-preloader type_1\"><\/span>\r\n\t\t\t\t<span class=\"w-btn-label\">SUSCR\u00cdBETE<\/span>\r\n\t\t\t<\/button>\r\n\t<\/div>\r\n<\/div><div class=\"w-form-message\"><\/div><div class=\"w-form-json hidden\" onclick='return {&quot;ajaxurl&quot;:&quot;https:\\\/\\\/actfestival.com\\\/wp-admin\\\/admin-ajax.php&quot;,&quot;messages&quot;:{&quot;err_empty&quot;:&quot;Fill out this field&quot;,&quot;err_size&quot;:&quot;File size cannot exceed %s MB&quot;,&quot;err_extension&quot;:&quot;%s file type is not allowed&quot;,&quot;err_recaptcha_keys&quot;:&quot;reCAPTCHA keys are incorrect&quot;}}'><\/div><\/form><\/div><\/div><\/div><\/div><\/div><\/div><\/div><\/section>\n","protected":false},"excerpt":{"rendered":"Programa ACT 2023 Programa ACT Festival 31 mayo &#8211; 3 junio 2023 La programaci\u00f3n\u00a0 de ACT FESTIVAL 2023 tendr\u00e1 lugar en diferentes espacios, en Bilbao y Barakaldo: Guggenheim Bilbao Museoa, Kafe Antzokia, Exterior de Bizkaia Aretoa, Sala BBK y Teatro Barakaldo Antzokia &#8211; Dantzalabea. Como parte de la celebraci\u00f3n de la XX. edici\u00f3n de ACT,...","protected":false},"author":1,"featured_media":16252,"parent":0,"menu_order":0,"comment_status":"closed","ping_status":"closed","template":"","meta":{"_acf_changed":false,"footnotes":""},"class_list":["post-15839","page","type-page","status-publish","has-post-thumbnail","hentry"],"acf":[],"_links":{"self":[{"href":"https:\/\/actfestival.com\/en\/wp-json\/wp\/v2\/pages\/15839","targetHints":{"allow":["GET"]}}],"collection":[{"href":"https:\/\/actfestival.com\/en\/wp-json\/wp\/v2\/pages"}],"about":[{"href":"https:\/\/actfestival.com\/en\/wp-json\/wp\/v2\/types\/page"}],"author":[{"embeddable":true,"href":"https:\/\/actfestival.com\/en\/wp-json\/wp\/v2\/users\/1"}],"replies":[{"embeddable":true,"href":"https:\/\/actfestival.com\/en\/wp-json\/wp\/v2\/comments?post=15839"}],"version-history":[{"count":43,"href":"https:\/\/actfestival.com\/en\/wp-json\/wp\/v2\/pages\/15839\/revisions"}],"predecessor-version":[{"id":17138,"href":"https:\/\/actfestival.com\/en\/wp-json\/wp\/v2\/pages\/15839\/revisions\/17138"}],"wp:featuredmedia":[{"embeddable":true,"href":"https:\/\/actfestival.com\/en\/wp-json\/wp\/v2\/media\/16252"}],"wp:attachment":[{"href":"https:\/\/actfestival.com\/en\/wp-json\/wp\/v2\/media?parent=15839"}],"curies":[{"name":"wp","href":"https:\/\/api.w.org\/{rel}","templated":true}]}}