{"id":20345,"date":"2025-06-10T16:02:07","date_gmt":"2025-06-10T15:02:07","guid":{"rendered":"https:\/\/actfestival.com\/palmares-act-2025\/"},"modified":"2025-06-25T10:02:13","modified_gmt":"2025-06-25T09:02:13","slug":"palmares-act-2025","status":"publish","type":"page","link":"https:\/\/actfestival.com\/en\/palmares-act-2025\/","title":{"rendered":"Palmares ACT 2025"},"content":{"rendered":"<section class=\"l-section wpb_row height_custom\"><div class=\"l-section-h i-cf\"><div class=\"g-cols vc_row via_grid cols_2 laptops-cols_inherit tablets-cols_inherit mobiles-cols_1 valign_top type_default stacking_default\"><div class=\"wpb_column vc_column_container\"><div class=\"vc_column-inner\"><div class=\"wpb_text_column\"><div class=\"wpb_wrapper\"><h1 style=\"text-align: left;\">ACT 2025 Awards<\/h1>\n<\/div><\/div><\/div><\/div><div class=\"wpb_column vc_column_container\"><div class=\"vc_column-inner\"><\/div><\/div><\/div><\/div><\/section><section class=\"l-section wpb_row height_custom\"><div class=\"l-section-h i-cf\"><div class=\"g-cols vc_row via_grid cols_2 laptops-cols_inherit tablets-cols_inherit mobiles-cols_1 valign_top type_default stacking_default\"><div class=\"wpb_column vc_column_container\"><div class=\"vc_column-inner\"><div class=\"wpb_text_column\"><div class=\"wpb_wrapper\"><p>The ACT 2025 jury, made up of <strong>Itxaso Moreno, Jacobo Roger and Barbara Balen<\/strong>, has issued its verdict, establishing the following list of winners:<\/p>\n<\/div><\/div><div class=\"w-image align_none\"><div class=\"w-image-h\"><img decoding=\"async\" width=\"1024\" height=\"683\" src=\"https:\/\/actfestival.com\/wp-content\/uploads\/2025\/06\/ACT-extras_3-1024x683.jpg\" class=\"attachment-large size-large\" alt=\"Jurado ACT25\" loading=\"lazy\" srcset=\"https:\/\/actfestival.com\/wp-content\/uploads\/2025\/06\/ACT-extras_3-1024x683.jpg 1024w, https:\/\/actfestival.com\/wp-content\/uploads\/2025\/06\/ACT-extras_3-300x200.jpg 300w, https:\/\/actfestival.com\/wp-content\/uploads\/2025\/06\/ACT-extras_3-400x267.jpg 400w, https:\/\/actfestival.com\/wp-content\/uploads\/2025\/06\/ACT-extras_3-600x400.jpg 600w\" sizes=\"auto, (max-width: 1024px) 100vw, 1024px\" \/><\/div><\/div><div class=\"w-separator size_large\"><\/div><div class=\"wpb_text_column\"><div class=\"wpb_wrapper\"><h2 style=\"text-align: left;\"><strong><span style=\"font-size: 14pt;\">Main ACT Award 2025<\/span><\/strong><\/h2>\n<\/div><\/div><div class=\"wpb_text_column\"><div class=\"wpb_wrapper\"><p><strong><span><span style=\"color: #1a1a1a;\"><span style=\"font-family: Poppins, sans-serif;\"><span style=\"font-size: large;\"><b>Etr\u00e9 <\/b><\/span><\/span><\/span><\/span><a href=\"https:\/\/actfestival.com\/en\/etre\/\"><span style=\"color: #333333;\"><span style=\"font-family: verdana, geneva, sans-serif;\"><span style=\"font-size: medium;\">C\u00eda. Miguel Jim\u00e9nez<\/span><\/span><\/span><\/a><span><span style=\"color: #333333;\"><span style=\"font-family: verdana, geneva, sans-serif;\"><span style=\"font-size: medium;\">| <\/span><\/span><\/span><\/span><\/strong><strong><span><span style=\"color: #333333;\"><span style=\"font-family: verdana, geneva, sans-serif;\"><span style=\"font-size: medium;\">Murcia<\/span><\/span><\/span><\/span><\/strong><\/p>\n<div class=\"wpb_column vc_column_container us_custom_95d492f5\">\n<div class=\"vc_column-inner\">\n<div id=\"q54a\" class=\"w-separator size_custom\">\u00a0<\/div>\n<\/div>\n<\/div>\n<\/div><\/div><div class=\"wpb_text_column\"><div class=\"wpb_wrapper\"><p>3,000 plus the possibility of exhibiting their work at the next edition of ACT in 2026.<\/p>\n<div class=\"wpb_column vc_column_container us_custom_95d492f5\">\n<div class=\"vc_column-inner\">\n<div id=\"q54a\" class=\"w-separator size_custom\">\u00a0<\/div>\n<\/div>\n<\/div>\n<\/div><\/div><div class=\"w-image align_center\"><a href=\" https:\/\/actfestival.com\/etre\/\" aria-label=\"E\u0302TRE II - Miguel Jim\u00e9nez L\u00f3pez\" class=\"w-image-h\"><img decoding=\"async\" width=\"400\" height=\"285\" src=\"https:\/\/actfestival.com\/wp-content\/uploads\/2025\/04\/ETRE-II-Miguel-Jimenez-Lopez-400x285.png\" class=\"attachment-us_400_600 size-us_400_600\" alt=\"\" loading=\"lazy\" srcset=\"https:\/\/actfestival.com\/wp-content\/uploads\/2025\/04\/ETRE-II-Miguel-Jimenez-Lopez-400x285.png 400w, https:\/\/actfestival.com\/wp-content\/uploads\/2025\/04\/ETRE-II-Miguel-Jimenez-Lopez-300x213.png 300w, https:\/\/actfestival.com\/wp-content\/uploads\/2025\/04\/ETRE-II-Miguel-Jimenez-Lopez-1024x728.png 1024w, https:\/\/actfestival.com\/wp-content\/uploads\/2025\/04\/ETRE-II-Miguel-Jimenez-Lopez-562x400.png 562w\" sizes=\"auto, (max-width: 400px) 100vw, 400px\" \/><\/a><\/div><div class=\"w-popup w-btn-wrapper align_none\"><button aria-label=\"Click Me\" class=\"w-popup-trigger type_btn w-btn us-btn-style_30\"><span class=\"w-btn-label\">Click Me<\/span><\/button><div class=\"w-popup-overlay\" style=\"background:rgba(0,0,0,0.85);\"><\/div><div class=\"w-popup-wrap layout_default\" style=\"--title-color:var(--color-content-heading);--title-bg-color:var(--color-content-bg-alt);--content-color:var(--color-content-text);--content-bg-color:var(--color-content-bg);--popup-width:600px;--popup-padding:5%;\"><div class=\"w-popup-box animation_fadeIn closerpos_outside without_title\"><div class=\"w-popup-box-h\"><div class=\"w-popup-box-content\"><p><strong>&#8220;For being a risky interdisciplinary work that delves into the self, generating curiosity in oneself and in others. It is full of humanity and crosses the barriers of identity&#8221;.<\/strong><\/p>\n<\/div><\/div><\/div><div class=\"w-popup-closer\"><\/div><\/div><\/div><div class=\"w-separator size_huge\"><\/div><div class=\"wpb_text_column\"><div class=\"wpb_wrapper\"><h2 style=\"text-align: left;\"><span style=\"font-size: 14pt;\"><strong>DURI Award<\/strong><\/span><\/h2>\n<\/div><\/div><div class=\"wpb_text_column\"><div class=\"wpb_wrapper\"><p><a href=\"https:\/\/actfestival.com\/en\/material\/\"><strong><span><span style=\"color: #1a1a1a;\"><span style=\"font-family: Poppins, sans-serif;\"><span style=\"font-size: large;\">Material<\/span><\/span><\/span><\/span><\/strong><span><b> <\/b><\/span><\/a><strong><span><span style=\"color: #333333;\"><span style=\"font-family: verdana, geneva, sans-serif;\"><span style=\"font-size: medium;\">Teatro de los chinos | Valencia<\/span><\/span><\/span><\/span><\/strong><\/p>\n<\/div><\/div><div class=\"wpb_text_column\"><div class=\"wpb_wrapper\"><p>The winning piece will have the opportunity to travel to Seoul to be shown to Korean audiences at the DURI theatre in Seoul.<\/p>\n<p>\u00a0<\/p>\n<\/div><\/div><div class=\"w-image align_center\"><a href=\"https:\/\/actfestival.com\/en\/material\/\" aria-label=\"MATERIAL (2)\" class=\"w-image-h\"><img decoding=\"async\" width=\"400\" height=\"267\" src=\"https:\/\/actfestival.com\/wp-content\/uploads\/2025\/04\/MATERIAL-2-400x267.jpg\" class=\"attachment-us_400_600 size-us_400_600\" alt=\"\" loading=\"lazy\" srcset=\"https:\/\/actfestival.com\/wp-content\/uploads\/2025\/04\/MATERIAL-2-400x267.jpg 400w, https:\/\/actfestival.com\/wp-content\/uploads\/2025\/04\/MATERIAL-2-300x200.jpg 300w, https:\/\/actfestival.com\/wp-content\/uploads\/2025\/04\/MATERIAL-2-1024x683.jpg 1024w, https:\/\/actfestival.com\/wp-content\/uploads\/2025\/04\/MATERIAL-2-600x400.jpg 600w\" sizes=\"auto, (max-width: 400px) 100vw, 400px\" \/><\/a><\/div><div class=\"w-popup w-btn-wrapper align_none\"><button aria-label=\"Click Me\" class=\"w-popup-trigger type_btn w-btn us-btn-style_30\"><span class=\"w-btn-label\">Click Me<\/span><\/button><div class=\"w-popup-overlay\" style=\"background:rgba(0,0,0,0.85);\"><\/div><div class=\"w-popup-wrap layout_default\" style=\"--title-color:#1a1a1a;--title-bg-color:var(--color-content-bg-alt);--content-color:var(--color-content-text);--content-bg-color:var(--color-content-bg);--popup-width:600px;--popup-padding:5%;\"><div class=\"w-popup-box animation_fadeIn closerpos_outside without_title\"><div class=\"w-popup-box-h\"><div class=\"w-popup-box-content\"><p><strong>&#8220;The show has been recognised for its unique blend of energy, intellectual humour and poetic expression.<\/strong><br \/><strong>Because it represents the bold and thoughtful voice of a new generation of artists, and its quality and sensibility make it particularly suitable for international audiences&#8221;.<\/strong><\/p>\n<p><em>.<\/em><\/p>\n<\/div><\/div><\/div><div class=\"w-popup-closer\"><\/div><\/div><\/div><div class=\"w-separator size_huge\"><\/div><div class=\"wpb_text_column\"><div class=\"wpb_wrapper\"><h2 style=\"text-align: left;\"><span style=\"font-size: 14pt;\"><strong>ACT Residency Award<\/strong><\/span><\/h2>\n<\/div><\/div><div class=\"wpb_text_column\"><div class=\"wpb_wrapper\"><p><a href=\"https:\/\/actfestival.com\/en\/re-garde\/\"><strong><span><span style=\"color: #1a1a1a;\"><span style=\"font-family: Poppins, sans-serif;\"><span style=\"font-size: large;\">Re-garde<\/span><\/span><\/span><\/span><\/strong><\/a><span><b> <\/b><\/span><strong><span><span style=\"color: #333333;\"><span style=\"font-family: verdana, geneva, sans-serif;\"><span style=\"font-size: medium;\">Cie MF | Maxime &amp; Francesco | France<\/span><\/span><\/span><\/span><\/strong><\/p>\n<\/div><\/div><div class=\"wpb_text_column\"><div class=\"wpb_wrapper\"><p>The prize consists of a 15-day artistic residency in Bilbao, as well as the possibility of exhibiting a piece at the 23rd edition of ACT in 2026.<\/p>\n<p>\u00a0<\/p>\n<\/div><\/div><div class=\"w-image align_center\"><a href=\"https:\/\/actfestival.com\/en\/re-garde\/\" aria-label=\"RE-GARDE \rRegia e coreografia: Francesco Colaleo\rInterpreti: Francesco Colaleo e Maxime Freixas\r\rRe-Garde indaga sul senso della vista. Due uomini che si battono per l\u2019affermazione del s\u00e9, pronti a subire o ricevere, a dare o perdere, a essere manipolati, provocati, abbandonati. Il corpo \u00e8 controllato e vigile come lo sguardo, ma non rinuncia a godere di momenti di distensione e respiro. Un ipotetico soggetto noir che ammette l\u2019esistenza di un colore pi\u00f9 gradevole,\rvicino alla sfera dell\u2019umana e carnale visione della vita in tempi moderni. \rL&#039;alternanza tra binomi opposti aiuta gli interpreti a valicare i delicati confini che separano la giovinezza dalla vecchiaia, offrendo un immaginario vasto e poetico.\r\rSATURA ...SI\r\u201cLe persone vedono solo ci\u00f2 che sono preparate a vedere\u201d \rdi e con Sara Pischedda e Luca Castellano\r\rE&#039; una cosa che fa passare il tempo, altrimenti si resta senza far niente dentro una casa chiusa; \u00e8 un amico, senza ci si sente pi\u00f9 soli; non ti fa sudare perch\u00e8 stai fermo; ti da dei messaggi, ti da anche consigli; \u00e8 un passatempo; ti dice tutto e non ti fa pensare!\r\rSOGGETTO SENZA TITOLO \rdi e con Olimpia Fortuni \r\r\u201cSoggetto Senza Titolo\u201d \u00e8 un percorso in cui, da una parte, si apre un campo per arricchire una ricerca individuale di movimento e di ricerca del s\u00e9, e dall\u2019altra, \u00e8 soprattutto un\u2019immersione in un mondo intimo e solitario, con il fine di rivelare una sensazione, uno stato d\u2019animo, un colore, il BLU, che in senso figurato, nell\u2019idioma inglese, assume il significato di malinconia, accompagnato\rdall\u2019influenze del panorama di un underground metropolitano del vissuto personale dell\u2019artista.\rL&#039;immagine che ne viene fuori \u00e8 quella di un omino stilizzato, quasi un fantoccio, informe, liquido, senza una specifica identit\u00e0, caratterizzato dai colori del rosso e del blu, colori primari che\rinducono a pensare ad un&#039;origine, o embrione di un&#039;identit\u00e0. Nel lavoro l\u2019artista espone la sua materia corporale ad una\" class=\"w-image-h\"><img decoding=\"async\" width=\"400\" height=\"267\" src=\"https:\/\/actfestival.com\/wp-content\/uploads\/2025\/04\/re-garde-1-400x267.jpg\" class=\"attachment-us_400_600 size-us_400_600\" alt=\"\" loading=\"lazy\" srcset=\"https:\/\/actfestival.com\/wp-content\/uploads\/2025\/04\/re-garde-1-400x267.jpg 400w, https:\/\/actfestival.com\/wp-content\/uploads\/2025\/04\/re-garde-1-300x200.jpg 300w, https:\/\/actfestival.com\/wp-content\/uploads\/2025\/04\/re-garde-1-1024x683.jpg 1024w, https:\/\/actfestival.com\/wp-content\/uploads\/2025\/04\/re-garde-1-600x400.jpg 600w\" sizes=\"auto, (max-width: 400px) 100vw, 400px\" \/><\/a><\/div><div class=\"w-popup w-btn-wrapper align_none\"><button aria-label=\"Click Me\" class=\"w-popup-trigger type_btn w-btn us-btn-style_30\"><span class=\"w-btn-label\">Click Me<\/span><\/button><div class=\"w-popup-overlay\" style=\"background:rgba(0,0,0,0.85);\"><\/div><div class=\"w-popup-wrap layout_default\" style=\"--title-color:var(--color-content-heading);--title-bg-color:var(--color-content-bg-alt);--content-color:var(--color-content-text);--content-bg-color:var(--color-content-bg);--popup-width:600px;--popup-padding:5%;\"><div class=\"w-popup-box animation_fadeIn closerpos_outside without_title\"><div class=\"w-popup-box-h\"><div class=\"w-popup-box-content\"><p><strong>\u2018For being an emerging work full of fun that exudes energy and good work and invites us to investigate where it can lead us\u2019.<\/strong><\/p>\n<\/div><\/div><\/div><div class=\"w-popup-closer\"><\/div><\/div><\/div><div class=\"w-separator size_huge\"><\/div><div class=\"wpb_text_column\"><div class=\"wpb_wrapper\"><h2 style=\"text-align: left;\"><span style=\"font-size: 14pt;\"><strong>Mention to the best creation<\/strong><\/span><\/h2>\n<\/div><\/div><div class=\"wpb_text_column\"><div class=\"wpb_wrapper\"><p align=\"left\"><strong><span><span style=\"color: #333333;\"><span style=\"font-family: Verdana, sans-serif;\"><span style=\"font-size: medium;\"><a href=\"https:\/\/actfestival.com\/en\/an-act\/\">Neil H\u00f6hener<\/a> | Switzerland<\/span><\/span><\/span><\/span><\/strong><strong><span><span style=\"color: #000000;\"><span style=\"font-family: Verdana, sans-serif;\"><span style=\"font-size: medium;\">\/ <\/span><\/span><\/span><\/span><\/strong><strong><span><span style=\"color: #333333;\"><span style=\"font-family: Verdana, sans-serif;\"><span style=\"font-size: medium;\">An Act\u00a0<\/span><\/span><\/span><\/span><\/strong><\/p>\n<\/div><\/div><div class=\"w-separator size_huge\"><\/div><div class=\"w-image align_center\"><a href=\"https:\/\/actfestival.com\/en\/an-act\/\" aria-label=\"An ACT (1)\" class=\"w-image-h\"><img decoding=\"async\" width=\"400\" height=\"600\" src=\"https:\/\/actfestival.com\/wp-content\/uploads\/2025\/04\/An-ACT-1-400x600.jpg\" class=\"attachment-us_400_600 size-us_400_600\" alt=\"\" loading=\"lazy\" srcset=\"https:\/\/actfestival.com\/wp-content\/uploads\/2025\/04\/An-ACT-1-400x600.jpg 400w, https:\/\/actfestival.com\/wp-content\/uploads\/2025\/04\/An-ACT-1-200x300.jpg 200w, https:\/\/actfestival.com\/wp-content\/uploads\/2025\/04\/An-ACT-1-683x1024.jpg 683w, https:\/\/actfestival.com\/wp-content\/uploads\/2025\/04\/An-ACT-1-267x400.jpg 267w, https:\/\/actfestival.com\/wp-content\/uploads\/2025\/04\/An-ACT-1-scaled.jpg 1707w\" sizes=\"auto, (max-width: 400px) 100vw, 400px\" \/><\/a><\/div><div class=\"w-separator size_huge\"><\/div><div class=\"wpb_text_column\"><div class=\"wpb_wrapper\"><h2 style=\"text-align: left;\"><span style=\"font-size: 14pt;\"><strong>Mention to the best performer<\/strong><\/span><\/h2>\n<\/div><\/div><div class=\"wpb_text_column\"><div class=\"wpb_wrapper\"><p align=\"left\"><a href=\"https:\/\/actfestival.com\/en\/mondo\/\"><strong><span><span style=\"color: #333333;\"><span style=\"font-family: verdana, geneva, sans-serif;\"><span style=\"font-size: medium;\">Gennaro Andrea Lauro<\/span><\/span><\/span><\/span><\/strong><\/a><span> <\/span><strong><span><span style=\"color: #333333;\"><span style=\"font-family: Verdana, sans-serif;\"><span style=\"font-size: medium;\">| <\/span><\/span><\/span><\/span><\/strong><strong><span><span style=\"color: #333333;\"><span style=\"font-family: Verdana, sans-serif;\"><span style=\"font-size: medium;\">Italia<\/span><\/span><\/span><\/span><\/strong><strong><span><span style=\"color: #222222;\"><span style=\"font-family: Arial, Helvetica, sans-serif;\"><span style=\"font-size: medium;\"> \/ <\/span><\/span><\/span><\/span><\/strong><strong><span><span style=\"color: #222222;\"><span style=\"font-family: Arial, Helvetica, sans-serif;\"><span style=\"font-size: medium;\">Mondo<\/span><\/span><\/span><\/span><\/strong><\/p>\n<\/div><\/div><div class=\"w-separator size_huge\"><\/div><div class=\"w-image align_center\"><a href=\"https:\/\/actfestival.com\/en\/mondo\/\" aria-label=\"MONDO (3)\" class=\"w-image-h\"><img decoding=\"async\" width=\"400\" height=\"267\" src=\"https:\/\/actfestival.com\/wp-content\/uploads\/2025\/04\/MONDO-3-400x267.jpg\" class=\"attachment-us_400_600 size-us_400_600\" alt=\"\" loading=\"lazy\" srcset=\"https:\/\/actfestival.com\/wp-content\/uploads\/2025\/04\/MONDO-3-400x267.jpg 400w, https:\/\/actfestival.com\/wp-content\/uploads\/2025\/04\/MONDO-3-300x200.jpg 300w, https:\/\/actfestival.com\/wp-content\/uploads\/2025\/04\/MONDO-3-1024x683.jpg 1024w, https:\/\/actfestival.com\/wp-content\/uploads\/2025\/04\/MONDO-3-600x400.jpg 600w\" sizes=\"auto, (max-width: 400px) 100vw, 400px\" \/><\/a><\/div><div class=\"w-separator size_huge\"><\/div><div class=\"wpb_text_column\"><div class=\"wpb_wrapper\"><h2 style=\"text-align: left;\"><span style=\"font-size: 14pt;\"><strong>Mention to the best ensemble work<\/strong><\/span><\/h2>\n<\/div><\/div><div class=\"wpb_text_column\"><div class=\"wpb_wrapper\"><p align=\"justify\"><strong><span><span style=\"color: #333333;\"><span style=\"font-family: verdana, geneva, sans-serif;\"><span style=\"font-size: medium;\"><a href=\"https:\/\/actfestival.com\/en\/crime-brule\/\">Teatro del Cielo<\/a> | Ecuador<\/span><\/span><\/span><\/span><\/strong><strong><span><span style=\"color: #008000;\"><span style=\"font-family: Verdana, sans-serif;\"><span style=\"font-size: medium;\"><i> \/<\/i><\/span><\/span><\/span><\/span><\/strong><strong><span><span style=\"color: #333333;\"><span style=\"font-family: verdana, geneva, sans-serif;\"><span style=\"font-size: medium;\">Crime Br\u00fbl\u00e9<\/span><\/span><\/span><\/span><\/strong><span><i> <\/i><\/span><\/p>\n<p align=\"justify\">\u00a0<\/p>\n<\/div><\/div><div class=\"w-image align_center\"><a href=\"https:\/\/actfestival.com\/en\/crime-brule\/\" aria-label=\"CRIME BRULE (2)\" class=\"w-image-h\"><img decoding=\"async\" width=\"400\" height=\"267\" src=\"https:\/\/actfestival.com\/wp-content\/uploads\/2025\/04\/CRIME-BRULE-2-400x267.jpg\" class=\"attachment-us_400_600 size-us_400_600\" alt=\"\" loading=\"lazy\" srcset=\"https:\/\/actfestival.com\/wp-content\/uploads\/2025\/04\/CRIME-BRULE-2-400x267.jpg 400w, https:\/\/actfestival.com\/wp-content\/uploads\/2025\/04\/CRIME-BRULE-2-300x200.jpg 300w, https:\/\/actfestival.com\/wp-content\/uploads\/2025\/04\/CRIME-BRULE-2-1024x683.jpg 1024w, https:\/\/actfestival.com\/wp-content\/uploads\/2025\/04\/CRIME-BRULE-2-600x400.jpg 600w\" sizes=\"auto, (max-width: 400px) 100vw, 400px\" \/><\/a><\/div><div class=\"w-separator size_custom\" style=\"height:2px\"><\/div><\/div><\/div><div class=\"wpb_column vc_column_container\"><div class=\"vc_column-inner\"><div class=\"w-separator size_huge\"><\/div><div class=\"w-separator size_medium\"><\/div><div class=\"w-separator size_medium\"><\/div><div class=\"w-separator size_medium\"><\/div><div class=\"w-separator size_medium\"><\/div><div class=\"w-separator size_medium\"><\/div><div class=\"w-separator size_medium\"><\/div><div class=\"w-separator size_medium\"><\/div><\/div><\/div><\/div><\/div><\/section>\n","protected":false},"excerpt":{"rendered":"ACT 2025 Awards The ACT 2025 jury, made up of Itxaso Moreno, Jacobo Roger and Barbara Balen, has issued its verdict, establishing the following list of winners: Main ACT Award 2025 Etr\u00e9 C\u00eda. Miguel Jim\u00e9nez| Murcia \u00a0 3,000 plus the possibility of exhibiting their work at the next edition of ACT in 2026. \u00a0 Click...","protected":false},"author":1,"featured_media":0,"parent":0,"menu_order":0,"comment_status":"closed","ping_status":"closed","template":"","meta":{"_acf_changed":false,"footnotes":""},"class_list":["post-20345","page","type-page","status-publish","hentry"],"acf":[],"_links":{"self":[{"href":"https:\/\/actfestival.com\/en\/wp-json\/wp\/v2\/pages\/20345","targetHints":{"allow":["GET"]}}],"collection":[{"href":"https:\/\/actfestival.com\/en\/wp-json\/wp\/v2\/pages"}],"about":[{"href":"https:\/\/actfestival.com\/en\/wp-json\/wp\/v2\/types\/page"}],"author":[{"embeddable":true,"href":"https:\/\/actfestival.com\/en\/wp-json\/wp\/v2\/users\/1"}],"replies":[{"embeddable":true,"href":"https:\/\/actfestival.com\/en\/wp-json\/wp\/v2\/comments?post=20345"}],"version-history":[{"count":8,"href":"https:\/\/actfestival.com\/en\/wp-json\/wp\/v2\/pages\/20345\/revisions"}],"predecessor-version":[{"id":20586,"href":"https:\/\/actfestival.com\/en\/wp-json\/wp\/v2\/pages\/20345\/revisions\/20586"}],"wp:attachment":[{"href":"https:\/\/actfestival.com\/en\/wp-json\/wp\/v2\/media?parent=20345"}],"curies":[{"name":"wp","href":"https:\/\/api.w.org\/{rel}","templated":true}]}}