{"id":15837,"date":"2022-12-15T12:28:40","date_gmt":"2022-12-15T11:28:40","guid":{"rendered":"https:\/\/actfestival.com\/?page_id=15837"},"modified":"2024-04-17T10:32:34","modified_gmt":"2024-04-17T09:32:34","slug":"programa-23","status":"publish","type":"page","link":"https:\/\/actfestival.com\/eu\/programa-23\/","title":{"rendered":"Programa 2023"},"content":{"rendered":"<section class=\"l-section wpb_row height_huge color_primary with_img parallax_ver\"><div class=\"l-section-img\" role=\"img\" data-img-width=\"960\" data-img-height=\"640\" style=\"background-image: url(https:\/\/actfestival.com\/wp-content\/uploads\/2014\/09\/volumen_mucha.jpg);background-repeat: no-repeat;\"><\/div><div class=\"l-section-overlay\" style=\"background:rgba(0,187,255,0.70)\"><\/div><div class=\"l-section-h i-cf\"><div class=\"g-cols vc_row via_grid cols_2 laptops-cols_inherit tablets-cols_inherit mobiles-cols_1 valign_top type_default stacking_default\"><div class=\"wpb_column vc_column_container\"><div class=\"vc_column-inner\"><div class=\"wpb_text_column\"><div class=\"wpb_wrapper\"><h1 style=\"text-align: left;\">Egitaraua<br \/>\nACT 2023<\/h1>\n<\/div><\/div><\/div><\/div><div class=\"wpb_column vc_column_container\"><div class=\"vc_column-inner\"><\/div><\/div><\/div><\/div><\/section><section class=\"l-section wpb_row height_custom\"><div class=\"l-section-h i-cf\"><div class=\"g-cols vc_row via_grid cols_2 laptops-cols_inherit tablets-cols_inherit mobiles-cols_1 valign_top type_default stacking_default\" style=\"--columns-gap:0rem;\"><div class=\"wpb_column vc_column_container\"><div class=\"vc_column-inner\"><div class=\"g-cols wpb_row via_grid cols_1 laptops-cols_inherit tablets-cols_inherit mobiles-cols_1 valign_top type_default stacking_default\" style=\"--columns-gap:3rem;\"><div class=\"wpb_column vc_column_container\"><div class=\"vc_column-inner\"><div class=\"w-separator size_custom\" style=\"height:6vh\" id=\"had7\"><style>@media(max-width:1024px){ #had7{height:14hv!important}}@media(max-width:479px){ #had7{height:10hv!important}}<\/style><\/div><\/div><\/div><\/div><div class=\"g-cols wpb_row via_grid cols_1 laptops-cols_inherit tablets-cols_inherit mobiles-cols_1 valign_top type_default stacking_default\" style=\"--columns-gap:3rem;\"><div class=\"wpb_column vc_column_container\"><div class=\"vc_column-inner\"><div class=\"wpb_text_column us_custom_7d39fe36 us_animate_this\"><div class=\"wpb_wrapper\"><h2 style=\"text-align: right;\"><strong>Egitaraua<\/strong><em><br \/>\nACT Jaialdia<\/em><\/h2>\n<\/div><\/div><div class=\"wpb_text_column us_custom_7d39fe36 us_animate_this\"><div class=\"wpb_wrapper\"><h4 style=\"text-align: right;\">2023 maiatzak 31 &#8211; ekainak 3<\/h4>\n<\/div><\/div><\/div><\/div><\/div><div class=\"w-separator size_medium\"><\/div><div class=\"g-cols wpb_row via_grid cols_1 laptops-cols_inherit tablets-cols_inherit mobiles-cols_1 valign_top type_default stacking_default\" style=\"--columns-gap:3rem;\"><div class=\"wpb_column vc_column_container\"><div class=\"vc_column-inner\"><div class=\"wpb_text_column us_custom_603f721e us_animate_this\"><div class=\"wpb_wrapper\"><p><strong>ACT FESTIVAL 2023ren programazioa<\/strong> espazio ezberdinetan garatuko da, Bilbon eta Barakaldon: <strong>Guggenheim Museoa, Bizkaia Aretoa, Kafe Antzokia, BBK Aretoa eta Barakaldo Antzokia &#8211; Dantzalabea.<\/strong><\/p>\n<p>ACTen XX. edizioaren berezitasuna dela eta, <strong>sarrera guztiak doakoak izango dira<\/strong>. Como parte de la celebraci\u00f3n de la XX. edici\u00f3n de ACT, <strong>todas las entradas ser\u00e1n gratuitas<\/strong>. Para las sesiones en <strong><a href=\"https:\/\/tickets.kutxabank.es\/#\/es\/detalle\/020623LOLI@Janto_KB\/20SBBK\/\">BBK Aretoko<\/a> eta <a href=\"https:\/\/www.guggenheim-bilbao.eus\/actividades\/act-festival\">Guggenheim Bilbao Museoko<\/a><\/strong>\u00a0saioetarako <strong>sarrerak erreserbatu<\/strong> ahal izango dituzu, <strong>webgunearen bidez edo leihatilan<\/strong>. <strong>Kafe Antzokian sarrera librea izango da lekua bete arte.<\/strong> <strong>Bizkaia Aretoan<\/strong>, kaleko ikuskizuna denez, <strong>sarrera librea<\/strong> izango da.<\/p>\n<p>Saioei buruzko informazio zehatza eskuratzeko, ACT FESTIVAL 2023ren parte izango diren obra eta konpainien <strong>eskuko programa deskargatu PDF bertsioan edo beheraxeago dagoen online bertsioa<\/strong> kontsultatu.<\/p>\n<\/div><\/div><\/div><\/div><\/div><\/div><\/div><div class=\"wpb_column vc_column_container us_custom_95d492f5\"><div class=\"vc_column-inner\"><div class=\"g-cols wpb_row hide_on_mobiles via_grid cols_1 laptops-cols_inherit tablets-cols_inherit mobiles-cols_1 valign_top type_default stacking_default\" style=\"--columns-gap:3rem;\"><div class=\"wpb_column vc_column_container\"><div class=\"vc_column-inner\"><div class=\"w-separator size_custom\" style=\"height:10vh\" id=\"ebd9\"><style>@media(max-width:600px){ #ebd9{height:14vh!important}}<\/style><\/div><\/div><\/div><\/div><div class=\"g-cols wpb_row hide_on_mobiles via_grid cols_1 laptops-cols_inherit tablets-cols_inherit mobiles-cols_1 valign_top type_default stacking_default\" style=\"--columns-gap:3rem;\"><div class=\"wpb_column vc_column_container\"><div class=\"vc_column-inner\"><div class=\"w-image us_custom_489410fb us_animate_this hide_on_mobiles has_ratio align_none\"><div class=\"w-image-h\"><div style=\"padding-bottom:144.4444%\"><\/div><img decoding=\"async\" width=\"1810\" height=\"2560\" src=\"https:\/\/actfestival.com\/wp-content\/uploads\/2023\/05\/ACT23_OK-scaled.jpg\" class=\"attachment-full size-full\" alt=\"\" loading=\"lazy\" \/><\/div><\/div><\/div><\/div><\/div><div class=\"w-separator size_medium\"><\/div><div class=\"w-btn-wrapper align_justify\"><a class=\"w-btn us-btn-style_30 us_custom_70cab4a6 us_animate_this\" target=\"_blank\" rel=\"nofollow\" href=\"https:\/\/actfestival.com\/wp-content\/uploads\/2023\/05\/ACT23-Eskuko-programa.pdf\"><span class=\"w-btn-label\">Deskargatu hemen eskuko egitaraua<\/span><\/a><\/div><\/div><\/div><\/div><\/div><\/section><section class=\"l-section wpb_row us_custom_b94ebacc has_text_color us_animate_this height_custom\"><div class=\"l-section-overlay\" style=\"background:rgba(26,26,26,0.00)\"><\/div><div class=\"l-section-h i-cf\"><div class=\"g-cols vc_row via_grid cols_1 laptops-cols_inherit tablets-cols_inherit mobiles-cols_1 valign_top type_default stacking_default\"><div class=\"wpb_column vc_column_container\"><div class=\"vc_column-inner\"><div class=\"w-tabs us_custom_4076faf9 has_text_color layout_hor style_simple2 switch_click has_scrolling\" style=\"--sections-title-size:1.5em\"><div class=\"w-tabs-list items_4 align_center\" style=\"font-weight:600;text-transform:none;\"><div class=\"w-tabs-list-h\"><button class=\"w-tabs-item active\" aria-controls=\"content-s2d1\" aria-expanded=\"false\"><span class=\"w-tabs-item-title\">Asteazkena 31<\/span><\/button><button class=\"w-tabs-item\" aria-controls=\"content-ab24\" aria-expanded=\"false\"><span class=\"w-tabs-item-title\">Osteguna 1<\/span><\/button><button class=\"w-tabs-item\" aria-controls=\"content-l18c\" aria-expanded=\"false\"><span class=\"w-tabs-item-title\">Ostirala 2<\/span><\/button><button class=\"w-tabs-item\" aria-controls=\"content-icd9\" aria-expanded=\"false\"><span class=\"w-tabs-item-title\">Larunbata 3<\/span><\/button><\/div><\/div><div class=\"w-tabs-sections titles-align_none icon_chevron cpos_right\"><div class=\"w-tabs-section active\" id=\"s2d1\"><button class=\"w-tabs-section-header active\" aria-controls=\"content-s2d1\" aria-expanded=\"true\"><div class=\"w-tabs-section-title\">Asteazkena 31<\/div><div class=\"w-tabs-section-control\"><\/div><\/button><div  class=\"w-tabs-section-content\" id=\"content-s2d1\"><div class=\"w-tabs-section-content-h i-cf\"><div class=\"g-cols wpb_row via_grid cols_1-2-1 laptops-cols_inherit tablets-cols_inherit mobiles-cols_1 valign_top type_default stacking_default\" style=\"--columns-gap:3rem;\"><div class=\"wpb_column vc_column_container\"><div class=\"vc_column-inner\"><\/div><\/div><div class=\"wpb_column vc_column_container\"><div class=\"vc_column-inner\"><div class=\"wpb_text_column us_custom_b436380d has_text_color\"><div class=\"wpb_wrapper\"><p style=\"text-align: center;\"><span style=\"font-size: 12pt; font-family: verdana, geneva, sans-serif;\"><strong>Kafe Antzokia<br \/>| 20:30 |<\/strong><\/span><\/p>\n<\/div><\/div><div class=\"w-separator hide_on_tablets hide_on_mobiles size_custom\" style=\"height:30px\"><\/div><div class=\"w-ibanner us_custom_00857523 has_text_color animation_phorcys ratio_3x2 easing_ease\"><div class=\"w-ibanner-h\"><div class=\"w-ibanner-image\" style=\"background-image: url(https:\/\/actfestival.com\/wp-content\/uploads\/2023\/05\/Pampara-y-camaleona-1024x697.jpg)\"><\/div><div class=\"w-ibanner-content\"><div class=\"w-ibanner-content-h\"><h2 class=\"w-ibanner-title\" style=\"font-size:16px;\">GEHIAGO IKUSI<\/h2><div class=\"w-ibanner-desc\"><\/div><\/div><\/div><\/div><a target=\"_blank\" rel=\"nofollow\" href=\"https:\/\/actfestival.com\/eu\/pampara\/\" aria-label=\"GEHIAGO IKUSI\"><\/a><\/div><div class=\"w-separator size_custom\" style=\"height:12px\"><\/div><div class=\"wpb_text_column us_custom_df5f4c97 has_text_color\"><div class=\"wpb_wrapper\"><p style=\"text-align: justify;\"><span style=\"font-family: verdana, geneva, sans-serif; font-size: 18pt;\"><strong>La Camaleona y la P\u00e1mpara.<br \/>\nUna historia sobre ruedas.<\/strong><\/span><br \/>\n<span style=\"font-family: verdana, geneva, sans-serif; font-size: 12pt;\"><strong>BAI Eskola | <span style=\"font-family: verdana, geneva, sans-serif;\"><span style=\"font-weight: 400;\"><b>EH<\/b><\/span><\/span><\/strong><\/span><br \/>\n<span style=\"font-weight: 400; font-family: verdana, geneva, sans-serif;\">BAI Eskolako 3. eta 4. mailako ikasleen sorkuntza. Testuetatik eta musikatik eta horiek sortzen dituzten irudietatik abiatuta eraikitako istorioa. <span style=\"font-family: verdana, geneva, sans-serif; color: #ff0000;\"><span style=\"font-weight: 400;\"><span style=\"font-family: verdana, geneva, sans-serif;\">ANTZERKIA<\/span><\/span><\/span><\/span><\/p>\n<\/div><\/div><div class=\"w-separator size_large\"><\/div><div class=\"wpb_text_column us_custom_b436380d has_text_color\"><div class=\"wpb_wrapper\"><p style=\"text-align: center;\"><span style=\"font-size: 12pt; font-family: verdana, geneva, sans-serif;\"><strong>Kafe Antzokia<br \/>| 21:00 |<\/strong><\/span><\/p>\n<\/div><\/div><div class=\"w-separator hide_on_tablets hide_on_mobiles size_custom\" style=\"height:30px\"><\/div><div class=\"w-ibanner us_custom_00857523 has_text_color animation_phorcys ratio_3x2 easing_ease\"><div class=\"w-ibanner-h\"><div class=\"w-ibanner-image\" style=\"background-image: url(https:\/\/actfestival.com\/wp-content\/uploads\/2023\/05\/WhatsApp-Image-2023-05-26-at-17.03.39-1024x576.jpeg)\"><\/div><div class=\"w-ibanner-content\"><div class=\"w-ibanner-content-h\"><h2 class=\"w-ibanner-title\" style=\"font-size:16px;\">GEHIAGO IKUSI<\/h2><div class=\"w-ibanner-desc\"><\/div><\/div><\/div><\/div><a target=\"_blank\" rel=\"nofollow\" href=\"https:\/\/actfestival.com\/eu\/dmz\/\" aria-label=\"GEHIAGO IKUSI\"><\/a><\/div><div class=\"w-separator size_custom\" style=\"height:12px\"><\/div><div class=\"wpb_text_column us_custom_df5f4c97 has_text_color\"><div class=\"wpb_wrapper\"><p style=\"text-align: justify;\"><span style=\"font-family: verdana, geneva, sans-serif; font-size: 18pt;\"><strong>DMZ<\/strong><\/span><br \/>\n<span style=\"font-family: verdana, geneva, sans-serif; font-size: 12pt;\"><strong>DURI | <span style=\"font-family: verdana, geneva, sans-serif;\"><span style=\"font-weight: 400;\"><b>South Korea<\/b><\/span><\/span><\/strong><\/span><br \/>\n<span style=\"font-family: verdana, geneva, sans-serif;\"><span style=\"font-weight: 400;\">DURI erakunde korearra ACT Festivalekin senidetuta dago aspalditik, eta ACTen XX. urteurrena ospatuko du aurten performancea, musika, dantza eta ikus-entzunezkoak nahasten dituen ikuskizuna eskainiz. Ikuskizun hau berariaz sortu da mugarri honen ospakizunerako, eta DMZren (Koreako Gune Desmilitarizatua) inguruko ikerketa artistikoaren emaitza da, herri baten banaketaren ikur indartsua.<\/span><\/span><span style=\"font-weight: 400; font-family: verdana, geneva, sans-serif;\">\u00a0<span style=\"font-family: verdana, geneva, sans-serif; color: #ff0000;\"><span style=\"font-weight: 400;\"><span style=\"font-family: verdana, geneva, sans-serif;\">DANTZA<\/span><\/span><\/span><\/span><\/p>\n<\/div><\/div><\/div><\/div><div class=\"wpb_column vc_column_container\"><div class=\"vc_column-inner\"><\/div><\/div><\/div><\/div><\/div><\/div><div class=\"w-tabs-section\" id=\"ab24\"><button class=\"w-tabs-section-header\" aria-controls=\"content-ab24\" aria-expanded=\"false\"><div class=\"w-tabs-section-title\">Osteguna 1<\/div><div class=\"w-tabs-section-control\"><\/div><\/button><div  class=\"w-tabs-section-content\" id=\"content-ab24\"><div class=\"w-tabs-section-content-h i-cf\"><div class=\"g-cols wpb_row via_grid cols_1-2-1 laptops-cols_inherit tablets-cols_inherit mobiles-cols_1 valign_top type_default stacking_default\" style=\"--columns-gap:3rem;\"><div class=\"wpb_column vc_column_container\"><div class=\"vc_column-inner\"><\/div><\/div><div class=\"wpb_column vc_column_container\"><div class=\"vc_column-inner\"><div class=\"wpb_text_column us_custom_3e0424ef has_text_color\"><div class=\"wpb_wrapper\"><p style=\"text-align: center;\"><span style=\"font-size: 12pt; font-family: verdana, geneva, sans-serif;\"><strong>Bizkaia Aretoa<br \/>\n| 20:00 |<\/strong><\/span><\/p>\n<\/div><\/div><div class=\"w-separator hide_on_tablets hide_on_mobiles size_custom\" style=\"height:30px\"><\/div><div class=\"w-ibanner us_custom_00857523 has_text_color animation_phorcys ratio_3x2 easing_ease\"><div class=\"w-ibanner-h\"><div class=\"w-ibanner-image\" style=\"background-image: url(https:\/\/actfestival.com\/wp-content\/uploads\/2023\/05\/FINALE-1024x576.jpg)\"><\/div><div class=\"w-ibanner-content\"><div class=\"w-ibanner-content-h\"><h2 class=\"w-ibanner-title\" style=\"font-size:16px;\">GEHIAGO IKUSI<\/h2><div class=\"w-ibanner-desc\"><\/div><\/div><\/div><\/div><a target=\"_blank\" rel=\"nofollow\" href=\"https:\/\/actfestival.com\/eu\/finale\/\" aria-label=\"GEHIAGO IKUSI\"><\/a><\/div><div class=\"w-separator size_custom\" style=\"height:12px\"><\/div><div class=\"wpb_text_column us_custom_df5f4c97 has_text_color\"><div class=\"wpb_wrapper\"><p style=\"text-align: justify;\"><span style=\"font-family: verdana, geneva, sans-serif; font-size: 18pt;\"><strong>Finale<\/strong><\/span><br \/>\n<span style=\"font-family: verdana, geneva, sans-serif; font-size: 12pt;\"><strong>Delrev\u00e9s | <span style=\"font-family: verdana, geneva, sans-serif;\"><span style=\"font-weight: 400;\"><b>Catalunya<\/b><\/span><\/span><\/strong><\/span><br \/>\n<span style=\"font-family: verdana, geneva, sans-serif;\"><span style=\"font-weight: 400;\">Dantza klasikoaren premisa estetiko eta kontzeptualetan oinarritutako dantza bertikala. Bi dantzari pareta batean zintzilik, grabitateari aurre eginez, \u00abBeltxargen aintzira\u00bb, \u00abHausturak\u00bb edo \u00abGiselle\u00bb erritmoan, besteak beste.<\/span><\/span><span style=\"font-weight: 400; font-family: verdana, geneva, sans-serif;\">\u00a0<span style=\"font-family: verdana, geneva, sans-serif; color: #ff0000;\"><span style=\"font-weight: 400;\"><span style=\"font-family: verdana, geneva, sans-serif;\">DANTZA BERTIKALA<\/span><\/span><\/span><\/span><\/p>\n<\/div><\/div><div class=\"w-separator size_custom\" style=\"height:30px\"><\/div><div class=\"wpb_text_column us_custom_3e0424ef has_text_color\"><div class=\"wpb_wrapper\"><p style=\"text-align: center;\"><span style=\"font-size: 12pt; font-family: verdana, geneva, sans-serif;\"><strong>Kafe Antzokia<br \/>\n| 21:30 |<\/strong><\/span><\/p>\n<\/div><\/div><div class=\"w-separator hide_on_tablets hide_on_mobiles size_custom\" style=\"height:30px\"><\/div><div class=\"w-ibanner us_custom_00857523 has_text_color animation_phorcys ratio_3x2 easing_ease\"><div class=\"w-ibanner-h\"><div class=\"w-ibanner-image\" style=\"background-image: url(https:\/\/actfestival.com\/wp-content\/uploads\/2023\/05\/img8-1024x684.jpg)\"><\/div><div class=\"w-ibanner-content\"><div class=\"w-ibanner-content-h\"><h2 class=\"w-ibanner-title\" style=\"font-size:16px;\">GEHIAGO IKUSI<\/h2><div class=\"w-ibanner-desc\"><\/div><\/div><\/div><\/div><a target=\"_blank\" rel=\"nofollow\" href=\"https:\/\/actfestival.com\/eu\/ultra-violet\/\" aria-label=\"GEHIAGO IKUSI\"><\/a><\/div><div class=\"w-separator size_custom\" style=\"height:12px\"><\/div><div class=\"wpb_text_column us_custom_df5f4c97 has_text_color\"><div class=\"wpb_wrapper\"><p style=\"text-align: justify;\"><span style=\"font-family: verdana, geneva, sans-serif; font-size: 18pt;\"><strong>Ultra Violet<\/strong><\/span><br \/>\n<span style=\"font-family: verdana, geneva, sans-serif; font-size: 12pt;\"><strong>Almudena P\u00e9rez | <span style=\"font-family: verdana, geneva, sans-serif;\"><span style=\"font-weight: 400;\"><b>EH<\/b><\/span><\/span><\/strong><\/span><br \/>\nIkuspegi feministatik, boterearekin eta arrakasta sozialarekin zerikusia duten arauak zalantzan jartzen dituen pieza, dantzaren eta tonu satirikoaren bidez. <span style=\"color: #ff0000;\">DANTZA<\/span><\/p>\n<\/div><\/div><div class=\"w-separator size_custom\" style=\"height:30px\"><\/div><div class=\"wpb_text_column us_custom_3e0424ef has_text_color\"><div class=\"wpb_wrapper\"><p style=\"text-align: center;\"><span style=\"font-size: 12pt; font-family: verdana, geneva, sans-serif;\"><strong>Kafe Antzokia<br \/>\nGabriel Aresti Euskaltegiarentzako pasea | 11:30 |<\/strong><\/span><br \/>\n<strong><span style=\"font-family: verdana, geneva, sans-serif;\">Publiko orokorrarentzako pasea | 22:00 |<\/span><\/strong><\/p>\n<\/div><\/div><div class=\"w-separator hide_on_tablets hide_on_mobiles size_custom\" style=\"height:30px\"><\/div><div class=\"w-ibanner us_custom_00857523 has_text_color animation_phorcys ratio_3x2 easing_ease\"><div class=\"w-ibanner-h\"><div class=\"w-ibanner-image\" style=\"background-image: url(https:\/\/actfestival.com\/wp-content\/uploads\/2023\/05\/Belarriprest_SareSozialak_hirugarren-1024x1024.jpg)\"><\/div><div class=\"w-ibanner-content\"><div class=\"w-ibanner-content-h\"><h2 class=\"w-ibanner-title\" style=\"font-size:16px;\">GEHIAGO IKUSI<\/h2><div class=\"w-ibanner-desc\"><\/div><\/div><\/div><\/div><a target=\"_blank\" rel=\"nofollow\" href=\"https:\/\/actfestival.com\/eu\/belarriprest\/\" aria-label=\"GEHIAGO IKUSI\"><\/a><\/div><div class=\"w-separator size_custom\" style=\"height:12px\"><\/div><div class=\"wpb_text_column us_custom_df5f4c97 has_text_color\"><div class=\"wpb_wrapper\"><p style=\"text-align: justify;\"><span style=\"font-family: verdana, geneva, sans-serif; font-size: 18pt;\"><strong>Belarriprest<\/strong><\/span><br \/>\n<span style=\"font-family: verdana, geneva, sans-serif; font-size: 12pt;\"><strong>Amaia Bono | <span style=\"font-family: verdana, geneva, sans-serif;\"><span style=\"font-weight: 400;\"><b>EH<\/b><\/span><\/span><\/strong><\/span><br \/>\n<span style=\"font-family: verdana, geneva, sans-serif;\"><span style=\"font-weight: 400;\">Ikaskuntza prozesua da: identitatea, itzulpena, akatsa, kultura, hitzak, biografia&#8230; Hori guztia euskaldun berrien kontakizunetik, eta hizkuntzaren analisiatik.<\/span><\/span><\/p>\n<\/div><\/div><div class=\"w-separator size_custom\" style=\"height:7px\"><\/div><div class=\"w-popup us_custom_187200f4 w-btn-wrapper align_left\"><button aria-label=\"Teaserra ikusi\" class=\"w-popup-trigger type_btn w-btn us-btn-style_1\" style=\"font-size:12px\"><span class=\"w-btn-label\">Teaserra ikusi<\/span><\/button><div class=\"w-popup-overlay\" style=\"background:rgba(0,0,0,0.85);\"><\/div><div class=\"w-popup-wrap layout_default\" style=\"--title-color:var(--color-content-heading);--title-bg-color:var(--color-content-bg-alt);--content-color:var(--color-content-text);--content-bg-color:var(--color-content-bg);--popup-width:600px;--popup-padding:5%;\"><div class=\"w-popup-box animation_scaleUp closerpos_outside without_title\"><div class=\"w-popup-box-h\"><div class=\"w-popup-box-content\"><p><iframe loading=\"lazy\" title=\"Trantsizioak 22-23 I Belarri Prest I Amaia Bono\" width=\"640\" height=\"360\" src=\"https:\/\/www.youtube.com\/embed\/NrZOtYRvFus?feature=oembed\" frameborder=\"0\" allow=\"accelerometer; autoplay; clipboard-write; encrypted-media; gyroscope; picture-in-picture; web-share\" allowfullscreen><\/iframe><\/p>\n<\/div><\/div><\/div><div class=\"w-popup-closer\"><\/div><\/div><\/div><\/div><\/div><div class=\"wpb_column vc_column_container\"><div class=\"vc_column-inner\"><\/div><\/div><\/div><\/div><\/div><\/div><div class=\"w-tabs-section\" id=\"l18c\"><button class=\"w-tabs-section-header\" aria-controls=\"content-l18c\" aria-expanded=\"false\"><div class=\"w-tabs-section-title\">Ostirala 2<\/div><div class=\"w-tabs-section-control\"><\/div><\/button><div  class=\"w-tabs-section-content\" id=\"content-l18c\"><div class=\"w-tabs-section-content-h i-cf\"><div class=\"g-cols wpb_row via_grid cols_1-2-1 laptops-cols_inherit tablets-cols_inherit mobiles-cols_1 valign_top type_default stacking_default\" style=\"--columns-gap:3rem;\"><div class=\"wpb_column vc_column_container\"><div class=\"vc_column-inner\"><\/div><\/div><div class=\"wpb_column vc_column_container\"><div class=\"vc_column-inner\"><div class=\"wpb_text_column us_custom_3e0424ef has_text_color\"><div class=\"wpb_wrapper\"><p style=\"text-align: center;\"><strong><span style=\"font-family: verdana, geneva, sans-serif;\">Sala BBK Aretoa<br \/>\n| 20:00 | <\/span><\/strong><\/p>\n<\/div><\/div><div class=\"w-separator hide_on_mobiles size_custom\" style=\"height:30px\"><\/div><div class=\"w-ibanner us_custom_00857523 has_text_color animation_phorcys ratio_3x2 easing_ease\"><div class=\"w-ibanner-h\"><div class=\"w-ibanner-image\" style=\"background-image: url(https:\/\/actfestival.com\/wp-content\/uploads\/2023\/04\/Foto1-Personas-OCL-1024x683.jpg)\"><\/div><div class=\"w-ibanner-content\"><div class=\"w-ibanner-content-h\"><h2 class=\"w-ibanner-title\" style=\"font-size:16px;\">GEHIAGO IKUSI<\/h2><div class=\"w-ibanner-desc\"><\/div><\/div><\/div><\/div><a target=\"_blank\" rel=\"nofollow\" href=\"https:\/\/actfestival.com\/eu\/personas-escandalosas\/\" aria-label=\"GEHIAGO IKUSI\"><\/a><\/div><div class=\"w-separator size_custom\" style=\"height:12px\"><\/div><div class=\"wpb_text_column us_custom_df5f4c97 has_text_color\"><div class=\"wpb_wrapper\"><p style=\"text-align: justify;\"><span style=\"font-size: 18pt; font-family: verdana, geneva, sans-serif;\"><strong>Personas escandalosas&#8230;<\/strong><\/span><br \/>\n<span style=\"font-family: verdana, geneva, sans-serif; font-size: 12pt;\"><strong>Orientaci\u00f3n Colectiva Loli | Catalunya<\/strong><\/span><br \/>\n<span style=\"font-family: verdana, geneva, sans-serif;\"><span style=\"font-weight: 400;\">Antzerki pieza posdramatikoa, homofobiaren kulturaren aurkako espektakulua. <span style=\"color: #ff0000;\">PERFORMANCEA<\/span><\/span><\/span><\/p>\n<\/div><\/div><div class=\"w-separator size_medium\"><\/div><div class=\"wpb_text_column us_custom_3e0424ef has_text_color\"><div class=\"wpb_wrapper\"><p style=\"text-align: center;\"><strong><span style=\"font-family: verdana, geneva, sans-serif;\">Kafe Antzokia<br \/>\n| 22:00 | <\/span><\/strong><\/p>\n<\/div><\/div><div class=\"w-separator hide_on_mobiles size_custom\" style=\"height:30px\"><\/div><div class=\"w-ibanner us_custom_00857523 has_text_color animation_phorcys ratio_3x2 easing_ease\"><div class=\"w-ibanner-h\"><div class=\"w-ibanner-image\" style=\"background-image: url(https:\/\/actfestival.com\/wp-content\/uploads\/2023\/05\/verparacreer2-scaled-e1683022267355-1024x854.jpg)\"><\/div><div class=\"w-ibanner-content\"><div class=\"w-ibanner-content-h\"><h2 class=\"w-ibanner-title\" style=\"font-size:16px;\">GEHIAGO IKUSI<\/h2><div class=\"w-ibanner-desc\"><\/div><\/div><\/div><\/div><a target=\"_blank\" rel=\"nofollow\" href=\"https:\/\/actfestival.com\/eu\/lazaro\/\" aria-label=\"GEHIAGO IKUSI\"><\/a><\/div><div class=\"w-separator size_custom\" style=\"height:12px\"><\/div><div class=\"wpb_text_column us_custom_df5f4c97 has_text_color\"><div class=\"wpb_wrapper\"><p style=\"text-align: justify;\"><span style=\"font-family: verdana, geneva, sans-serif; font-size: 18pt;\"><strong>La resurrecci\u00f3n de L\u00e1zaro<\/strong><\/span><br \/>\n<span style=\"font-family: verdana, geneva, sans-serif; font-size: 12pt;\"><strong>BAI Eskola | <span style=\"font-family: verdana, geneva, sans-serif;\"><span style=\"font-weight: 400;\"><b>Euskal Herria<\/b><\/span><\/span><\/strong><\/span><br \/>\n<span style=\"font-family: verdana, geneva, sans-serif;\"><span style=\"font-weight: 400;\">Zer gerta daiteke ohiz kanpoko gertaeretan ebidentziarik gabe sinesten denean? Nork ateratzen dio etekina jendearen xalotasunari?<\/span><\/span><span style=\"font-weight: 400; font-family: verdana, geneva, sans-serif;\">\u00a0<span style=\"font-family: verdana, geneva, sans-serif; color: #ff0000;\"><span style=\"font-weight: 400;\"><span style=\"font-family: verdana, geneva, sans-serif;\">TEATRO<\/span><\/span><\/span><\/span><\/p>\n<\/div><\/div><div class=\"w-separator size_medium\"><\/div><div class=\"wpb_text_column us_custom_3e0424ef has_text_color\"><div class=\"wpb_wrapper\"><p style=\"text-align: center;\"><strong><span style=\"font-family: verdana, geneva, sans-serif;\">Kafe Antzokia<br \/>\n| 22:00 | <\/span><\/strong><\/p>\n<\/div><\/div><div class=\"w-separator hide_on_mobiles size_custom\" style=\"height:30px\"><\/div><div class=\"w-ibanner us_custom_00857523 has_text_color animation_phorcys ratio_3x2 easing_ease\"><div class=\"w-ibanner-h\"><div class=\"w-ibanner-image\" style=\"background-image: url(https:\/\/actfestival.com\/wp-content\/uploads\/2023\/05\/The-Sensemaker-HQ.jpeg)\"><\/div><div class=\"w-ibanner-content\"><div class=\"w-ibanner-content-h\"><h2 class=\"w-ibanner-title\" style=\"font-size:16px;\">GEHIAGO IKUSI<\/h2><div class=\"w-ibanner-desc\"><\/div><\/div><\/div><\/div><a target=\"_blank\" rel=\"nofollow\" href=\"https:\/\/actfestival.com\/eu\/sensemaker\/\" aria-label=\"GEHIAGO IKUSI\"><\/a><\/div><div class=\"w-separator size_custom\" style=\"height:12px\"><\/div><div class=\"wpb_text_column us_custom_df5f4c97 has_text_color\"><div class=\"wpb_wrapper\"><p style=\"text-align: justify;\"><span style=\"font-family: verdana, geneva, sans-serif; font-size: 18pt;\"><strong>The Sensemaker<\/strong><\/span><br \/>\n<span style=\"font-family: verdana, geneva, sans-serif; font-size: 12pt;\"><strong>Woman&#8217;s Move | <span style=\"font-family: verdana, geneva, sans-serif;\"><span style=\"font-weight: 400;\"><b>Suitza<\/b><\/span><\/span><\/strong><\/span><br \/>\n<span style=\"font-family: verdana, geneva, sans-serif;\"><span style=\"font-weight: 400;\">Borroka distopikoa emakume baten eta erantzungailu automatiko baten artean, zalantzan jartzea teknologia berriek gure bizitzetan duten eragina, bai eta gure sistema burokratikoen administrazio-prozedura neketsuak ere.<\/span><\/span><span style=\"font-weight: 400; font-family: verdana, geneva, sans-serif;\">\u00a0<span style=\"font-family: verdana, geneva, sans-serif; color: #ff0000;\"><span style=\"font-weight: 400;\"><span style=\"font-family: verdana, geneva, sans-serif;\">TEATRO<\/span><\/span><\/span><\/span><\/p>\n<\/div><\/div><\/div><\/div><div class=\"wpb_column vc_column_container\"><div class=\"vc_column-inner\"><\/div><\/div><\/div><\/div><\/div><\/div><div class=\"w-tabs-section\" id=\"icd9\"><button class=\"w-tabs-section-header\" aria-controls=\"content-icd9\" aria-expanded=\"false\"><div class=\"w-tabs-section-title\">Larunbata 3<\/div><div class=\"w-tabs-section-control\"><\/div><\/button><div  class=\"w-tabs-section-content\" id=\"content-icd9\"><div class=\"w-tabs-section-content-h i-cf\"><div class=\"g-cols wpb_row via_grid cols_1-2-1 laptops-cols_inherit tablets-cols_inherit mobiles-cols_1 valign_top type_default stacking_default\" style=\"--columns-gap:3rem;\"><div class=\"wpb_column vc_column_container\"><div class=\"vc_column-inner\"><\/div><\/div><div class=\"wpb_column vc_column_container\"><div class=\"vc_column-inner\"><div class=\"wpb_text_column us_custom_3e0424ef has_text_color\"><div class=\"wpb_wrapper\"><p style=\"text-align: center;\"><strong><span style=\"font-family: verdana, geneva, sans-serif;\">Guggeheim Bilbao Museoa &#8211; Auditorioa<br \/>\n| 19:30 | <\/span><\/strong><\/p>\n<\/div><\/div><div class=\"w-separator hide_on_mobiles size_custom\" style=\"height:30px\"><\/div><div class=\"w-ibanner us_custom_00857523 has_text_color animation_phorcys ratio_3x2 easing_ease\"><div class=\"w-ibanner-h\"><div class=\"w-ibanner-image\" style=\"background-image: url(https:\/\/actfestival.com\/wp-content\/uploads\/2023\/05\/pollo-campero-1024x539.jpg)\"><\/div><div class=\"w-ibanner-content\"><div class=\"w-ibanner-content-h\"><h2 class=\"w-ibanner-title\" style=\"font-size:16px;\">GEHIAGO IKUSI<\/h2><div class=\"w-ibanner-desc\"><\/div><\/div><\/div><\/div><a target=\"_blank\" rel=\"nofollow\" href=\"https:\/\/actfestival.com\/eu\/mienten\/\" aria-label=\"GEHIAGO IKUSI\"><\/a><\/div><div class=\"w-separator size_custom\" style=\"height:12px\"><\/div><div class=\"wpb_text_column us_custom_df5f4c97 has_text_color\"><div class=\"wpb_wrapper\"><p style=\"text-align: justify;\"><span style=\"font-family: verdana, geneva, sans-serif;\"><span style=\"font-size: 24px;\"><b>Las actrices siempre mienten<\/b><\/span><\/span><br \/>\n<span style=\"font-family: verdana, geneva, sans-serif; font-size: 12pt;\"><strong>El Pollo Campero | Catalunya<\/strong><\/span><span style=\"font-family: verdana, geneva, sans-serif;\"><span style=\"font-weight: 400;\"><br \/>\nAktorearen unibertsoari lotutako estereotipotik eta topikoetatik abiatzen den ikerketa eszenikoa, aitzakia gisa erabiltzeko, gainditzeko eta sortzaile eta banako gisa interesatzen zaizkigun gaiei buruz hitz egiteko. <\/span><\/span><span style=\"font-family: verdana, geneva, sans-serif; color: #ff0000;\"><span style=\"font-weight: 400;\"><span style=\"font-family: verdana, geneva, sans-serif;\">ANTZERKIA<\/span><\/span><\/span><\/p>\n<\/div><\/div><div class=\"w-separator size_custom\" style=\"height:7px\"><\/div><\/div><\/div><div class=\"wpb_column vc_column_container\"><div class=\"vc_column-inner\"><\/div><\/div><\/div><\/div><\/div><\/div><\/div><\/div><\/div><\/div><\/div><\/div><\/section><section class=\"l-section wpb_row hide_on_default hide_on_laptops hide_on_tablets height_medium\"><div class=\"l-section-h i-cf\"><div class=\"g-cols vc_row via_grid cols_1 laptops-cols_inherit tablets-cols_inherit mobiles-cols_1 valign_top type_default stacking_default\"><div class=\"wpb_column vc_column_container\"><div class=\"vc_column-inner\"><div class=\"g-cols wpb_row us_custom_e3278ba9 via_grid cols_2 laptops-cols_inherit tablets-cols_inherit mobiles-cols_1 valign_top type_default stacking_default\" style=\"--columns-gap:2rem;\"><div class=\"wpb_column vc_column_container\"><div class=\"vc_column-inner\"><div class=\"wpb_text_column us_custom_7d39fe36 us_animate_this\"><div class=\"wpb_wrapper\"><h3 style=\"text-align: right;\"><strong><span style=\"color: #000000;\">Suscr\u00edbete<\/span><br \/>\n<\/strong><em>\u00a0a nuestra Newsletter<br \/>\n<\/em><\/h3>\n<\/div><\/div><\/div><\/div><div class=\"wpb_column vc_column_container\"><div class=\"vc_column-inner\"><form class=\"w-form  us-field-style_1 us_custom_861f554a us_animate_this layout_ver for_cform us_form_1\" autocomplete=\"off\" action=\"https:\/\/actfestival.com\/eu\/wp-json\/wp\/v2\/pages\/15837\" method=\"post\" style=\"--fields-gap:1.9rem\"><div class=\"w-form-h\"><div class=\"w-form-row for_text required\">\r\n\t\t<div class=\"w-form-row-field\">\r\n\t\t\t\t\t\t<input aria-label=\"Nombre\" type=\"text\" name=\"us_form_1_text_1\" value placeholder=\"Nombre *\" data-required=\"true\" aria-required=\"true\"\/>\r\n\t\t\t<\/div>\r\n\t\t<div class=\"w-form-row-state\">Fill out this field<\/div>\r\n<\/div>\r\n<div class=\"w-form-row for_email required\">\r\n\t\t<div class=\"w-form-row-field\">\r\n\t\t\t\t\t\t<input aria-label=\"Email\" type=\"email\" name=\"us_form_1_email_1\" value placeholder=\"Email *\" data-required=\"true\" aria-required=\"true\"\/>\r\n\t\t\t<\/div>\r\n\t\t<div class=\"w-form-row-state\">Please enter a valid email address.<\/div>\r\n<\/div>\r\n<div class=\"w-form-row for_agreement required\">\r\n\t\t<div class=\"w-form-row-field\">\r\n\t\t\t\t<label>\r\n\t\t\t<input type=\"checkbox\" value=\"1\" data-required=\"true\" aria-required=\"true\" name=\"us_form_1_agreement_1\"\/>\r\n\t\t\t<span>Acepto la pol\u00edtica de privacidad.<\/span>\r\n\t\t<\/label>\r\n\t\t\t<\/div>\r\n\t\t<div class=\"w-form-row-state\">You need to agree with the terms to proceed<\/div>\r\n<\/div>\r\n<input type=\"hidden\" name=\"action\" value=\"us_ajax_cform\" \/>\r\n<input type=\"hidden\" name=\"post_id\" value=\"0\" \/>\r\n<input type=\"hidden\" name=\"form_index\" value=\"1\" \/>\r\n<div class=\"w-form-row for_submit align_none\">\r\n\t<button class=\"w-btn  us-btn-style_1\" aria-label=\"SUSCR\u00cdBETE\" type=\"submit\">\r\n\t\t<span class=\"g-preloader type_1\"><\/span>\r\n\t\t\t\t<span class=\"w-btn-label\">SUSCR\u00cdBETE<\/span>\r\n\t\t\t<\/button>\r\n\t<\/div>\r\n<\/div><div class=\"w-form-message\"><\/div><div class=\"w-form-json hidden\" onclick='return {&quot;ajaxurl&quot;:&quot;https:\\\/\\\/actfestival.com\\\/wp-admin\\\/admin-ajax.php&quot;,&quot;messages&quot;:{&quot;err_empty&quot;:&quot;Fill out this field&quot;,&quot;err_size&quot;:&quot;File size cannot exceed %s MB&quot;,&quot;err_extension&quot;:&quot;%s file type is not allowed&quot;,&quot;err_recaptcha_keys&quot;:&quot;reCAPTCHA keys are incorrect&quot;}}'><\/div><\/form><\/div><\/div><\/div><\/div><\/div><\/div><\/div><\/section><section class=\"l-section wpb_row us_custom_d4074d25 hide_on_mobiles height_medium\"><div class=\"l-section-h i-cf\"><div class=\"g-cols vc_row via_grid cols_1 laptops-cols_inherit tablets-cols_inherit mobiles-cols_1 valign_top type_default stacking_default\"><div class=\"wpb_column vc_column_container\"><div class=\"vc_column-inner\"><div class=\"g-cols wpb_row us_custom_e3278ba9 via_grid cols_2 laptops-cols_inherit tablets-cols_inherit mobiles-cols_1 valign_top type_default stacking_default\" style=\"--columns-gap:2rem;\"><div class=\"wpb_column vc_column_container\"><div class=\"vc_column-inner\"><div class=\"wpb_text_column us_custom_7d39fe36 us_animate_this\"><div class=\"wpb_wrapper\"><h3 style=\"text-align: right;\"><strong><span style=\"color: #000000;\">Suscr\u00edbete<\/span><br \/>\n<\/strong><em>\u00a0a nuestra Newsletter<br \/>\n<\/em><\/h3>\n<\/div><\/div><\/div><\/div><div class=\"wpb_column vc_column_container\"><div class=\"vc_column-inner\"><form class=\"w-form  us-field-style_1 us_custom_861f554a us_animate_this layout_ver for_cform us_form_2\" autocomplete=\"off\" action=\"https:\/\/actfestival.com\/eu\/wp-json\/wp\/v2\/pages\/15837\" method=\"post\" style=\"--fields-gap:1.9rem\"><div class=\"w-form-h\"><div class=\"w-form-row for_text required\">\r\n\t\t<div class=\"w-form-row-field\">\r\n\t\t\t\t\t\t<input aria-label=\"Nombre\" type=\"text\" name=\"us_form_2_text_1\" value placeholder=\"Nombre *\" data-required=\"true\" aria-required=\"true\"\/>\r\n\t\t\t<\/div>\r\n\t\t<div class=\"w-form-row-state\">Fill out this field<\/div>\r\n<\/div>\r\n<div class=\"w-form-row for_email required\">\r\n\t\t<div class=\"w-form-row-field\">\r\n\t\t\t\t\t\t<input aria-label=\"Email\" type=\"email\" name=\"us_form_2_email_1\" value placeholder=\"Email *\" data-required=\"true\" aria-required=\"true\"\/>\r\n\t\t\t<\/div>\r\n\t\t<div class=\"w-form-row-state\">Please enter a valid email address.<\/div>\r\n<\/div>\r\n<div class=\"w-form-row for_agreement required\">\r\n\t\t<div class=\"w-form-row-field\">\r\n\t\t\t\t<label>\r\n\t\t\t<input type=\"checkbox\" value=\"1\" data-required=\"true\" aria-required=\"true\" name=\"us_form_2_agreement_1\"\/>\r\n\t\t\t<span>Acepto la pol\u00edtica de privacidad.<\/span>\r\n\t\t<\/label>\r\n\t\t\t<\/div>\r\n\t\t<div class=\"w-form-row-state\">You need to agree with the terms to proceed<\/div>\r\n<\/div>\r\n<input type=\"hidden\" name=\"action\" value=\"us_ajax_cform\" \/>\r\n<input type=\"hidden\" name=\"post_id\" value=\"0\" \/>\r\n<input type=\"hidden\" name=\"form_index\" value=\"2\" \/>\r\n<div class=\"w-form-row for_submit align_none\">\r\n\t<button class=\"w-btn  us-btn-style_1\" aria-label=\"SUSCR\u00cdBETE\" type=\"submit\">\r\n\t\t<span class=\"g-preloader type_1\"><\/span>\r\n\t\t\t\t<span class=\"w-btn-label\">SUSCR\u00cdBETE<\/span>\r\n\t\t\t<\/button>\r\n\t<\/div>\r\n<\/div><div class=\"w-form-message\"><\/div><div class=\"w-form-json hidden\" onclick='return {&quot;ajaxurl&quot;:&quot;https:\\\/\\\/actfestival.com\\\/wp-admin\\\/admin-ajax.php&quot;,&quot;messages&quot;:{&quot;err_empty&quot;:&quot;Fill out this field&quot;,&quot;err_size&quot;:&quot;File size cannot exceed %s MB&quot;,&quot;err_extension&quot;:&quot;%s file type is not allowed&quot;,&quot;err_recaptcha_keys&quot;:&quot;reCAPTCHA keys are incorrect&quot;}}'><\/div><\/form><\/div><\/div><\/div><\/div><\/div><\/div><\/div><\/section>\n","protected":false},"excerpt":{"rendered":"Egitaraua ACT 2023 Egitaraua ACT Jaialdia 2023 maiatzak 31 &#8211; ekainak 3 ACT FESTIVAL 2023ren programazioa espazio ezberdinetan garatuko da, Bilbon eta Barakaldon: Guggenheim Museoa, Bizkaia Aretoa, Kafe Antzokia, BBK Aretoa eta Barakaldo Antzokia &#8211; Dantzalabea. ACTen XX. edizioaren berezitasuna dela eta, sarrera guztiak doakoak izango dira. Como parte de la celebraci\u00f3n de la XX....","protected":false},"author":1,"featured_media":16251,"parent":0,"menu_order":0,"comment_status":"closed","ping_status":"closed","template":"","meta":{"_acf_changed":false,"footnotes":""},"class_list":["post-15837","page","type-page","status-publish","has-post-thumbnail","hentry"],"acf":[],"_links":{"self":[{"href":"https:\/\/actfestival.com\/eu\/wp-json\/wp\/v2\/pages\/15837","targetHints":{"allow":["GET"]}}],"collection":[{"href":"https:\/\/actfestival.com\/eu\/wp-json\/wp\/v2\/pages"}],"about":[{"href":"https:\/\/actfestival.com\/eu\/wp-json\/wp\/v2\/types\/page"}],"author":[{"embeddable":true,"href":"https:\/\/actfestival.com\/eu\/wp-json\/wp\/v2\/users\/1"}],"replies":[{"embeddable":true,"href":"https:\/\/actfestival.com\/eu\/wp-json\/wp\/v2\/comments?post=15837"}],"version-history":[{"count":51,"href":"https:\/\/actfestival.com\/eu\/wp-json\/wp\/v2\/pages\/15837\/revisions"}],"predecessor-version":[{"id":17143,"href":"https:\/\/actfestival.com\/eu\/wp-json\/wp\/v2\/pages\/15837\/revisions\/17143"}],"wp:featuredmedia":[{"embeddable":true,"href":"https:\/\/actfestival.com\/eu\/wp-json\/wp\/v2\/media\/16251"}],"wp:attachment":[{"href":"https:\/\/actfestival.com\/eu\/wp-json\/wp\/v2\/media?parent=15837"}],"curies":[{"name":"wp","href":"https:\/\/api.w.org\/{rel}","templated":true}]}}