{"id":19262,"date":"2024-06-10T11:50:35","date_gmt":"2024-06-10T10:50:35","guid":{"rendered":"https:\/\/actfestival.com\/?page_id=19262"},"modified":"2025-04-16T17:29:44","modified_gmt":"2025-04-16T16:29:44","slug":"sariak-act-2024","status":"publish","type":"page","link":"https:\/\/actfestival.com\/eu\/sariak-act-2024\/","title":{"rendered":"Sariak ACT 2024"},"content":{"rendered":"<section class=\"l-section wpb_row height_custom\"><div class=\"l-section-h i-cf\"><div class=\"g-cols vc_row via_grid cols_2 laptops-cols_inherit tablets-cols_inherit mobiles-cols_1 valign_top type_default stacking_default\"><div class=\"wpb_column vc_column_container\"><div class=\"vc_column-inner\"><div class=\"wpb_text_column\"><div class=\"wpb_wrapper\"><h1 style=\"text-align: left;\">Palmar\u00e9s<br \/>\nACT 2024<\/h1>\n<\/div><\/div><\/div><\/div><div class=\"wpb_column vc_column_container\"><div class=\"vc_column-inner\"><\/div><\/div><\/div><\/div><\/section><section class=\"l-section wpb_row height_custom\"><div class=\"l-section-h i-cf\"><div class=\"g-cols vc_row via_grid cols_2 laptops-cols_inherit tablets-cols_inherit mobiles-cols_1 valign_top type_default stacking_default\"><div class=\"wpb_column vc_column_container\"><div class=\"vc_column-inner\"><div class=\"wpb_text_column\"><div class=\"wpb_wrapper\"><p><span style=\"font-family: verdana, geneva, sans-serif;\">2024ko ACTeko epaimahaia.<\/span><\/p>\n<p><span style=\"font-family: verdana, geneva, sans-serif;\"><strong>Jo Manavopoulou, Ahlma El Morsli eta Mike Pony<\/strong>-k osatu dute aurton.<\/span><\/p>\n<p><span style=\"font-family: verdana, geneva, sans-serif;\"><span style=\"color: #000000;\"><span style=\"font-size: medium;\">Eta honako <\/span><\/span><span style=\"color: #000000;\"><span style=\"font-size: medium;\">epaia eman du:<\/span><\/span><\/span><\/p>\n<\/div><\/div><div class=\"w-separator size_large\"><\/div><div class=\"wpb_text_column\"><div class=\"wpb_wrapper\"><p><span style=\"font-size: 14pt;\"><strong><em>ACT 2024 SARI NAGUSIA<\/em><\/strong><\/span><\/p>\n<\/div><\/div><div class=\"wpb_text_column\"><div class=\"wpb_wrapper\"><p><span style=\"font-size: 12pt;\"><strong><em>Vientre<\/em>, <a href=\"https:\/\/yeinnerchicas.wixsite.com\/website\">Cia Maximiliano Sanford e Yeinner Chicas<\/a> (Bartzelona)<\/strong><\/span><\/p>\n<div class=\"wpb_column vc_column_container us_custom_95d492f5\">\n<div class=\"vc_column-inner\">\n<div id=\"q54a\" class=\"w-separator size_custom\"><\/div>\n<\/div>\n<\/div>\n<\/div><\/div><div class=\"wpb_text_column\"><div class=\"wpb_wrapper\"><p><em>2.000 \u20ac-ko diru-saria, ACT 2025ean egindako lana erakusteko aukeraz gain.<\/em><\/p>\n<div class=\"wpb_column vc_column_container us_custom_95d492f5\">\n<div class=\"vc_column-inner\">\n<div id=\"q54a\" class=\"w-separator size_custom\"><\/div>\n<\/div>\n<\/div>\n<\/div><\/div><div class=\"w-separator size_huge\"><\/div><div class=\"w-separator size_huge\"><\/div><div class=\"wpb_text_column\"><div class=\"wpb_wrapper\"><h2 style=\"text-align: left;\"><span style=\"font-size: 14pt;\"><strong>DURI Saria<\/strong><\/span><\/h2>\n<\/div><\/div><div class=\"wpb_text_column\"><div class=\"wpb_wrapper\"><p><span style=\"font-size: 12pt;\"><strong><em>Todo bajo control<\/em>, Flor Buzzo (Frantzia)<\/strong><\/span><\/p>\n<\/div><\/div><div class=\"wpb_text_column\"><div class=\"wpb_wrapper\"><p><span style=\"font-family: georgia, palatino, serif; font-size: 12pt;\"><em><span style=\"color: #000000;\">S<\/span><span style=\"color: #000000;\">aritutako konpainiak Seulera joateko aukera izango du, <\/span><span style=\"color: #000000;\">bertako<\/span><span style=\"color: #000000;\"> DURI antzokian korearren aurrean bere lana erakusteko.<\/span><\/em><\/span><\/p>\n<\/div><\/div><div class=\"w-separator size_huge\"><\/div><div class=\"w-separator size_huge\"><\/div><div class=\"wpb_text_column\"><div class=\"wpb_wrapper\"><h2 style=\"text-align: left;\"><span style=\"font-size: 14pt;\"><strong>ACT Residency saria<\/strong><\/span><\/h2>\n<\/div><\/div><div class=\"wpb_text_column\"><div class=\"wpb_wrapper\"><p><span style=\"font-size: 12pt;\"><strong><em>Repoblar el alma en tiempos de mascarilla<\/em>, <a href=\"https:\/\/themaravillatheater.com\/\">Maravilla Theater<\/a> (Bartzelona)<\/strong><\/span><\/p>\n<\/div><\/div><div class=\"wpb_text_column\"><div class=\"wpb_wrapper\"><p>Bilbon 15 eguneko egoitza artistiko bat, eta hurrengo jaialdian erakusteko aukera<\/p>\n<\/div><\/div><div class=\"w-separator size_huge\"><\/div><div class=\"w-separator size_huge\"><\/div><div class=\"wpb_text_column\"><div class=\"wpb_wrapper\"><p><span style=\"font-size: 14pt;\"><strong><span style=\"color: #000000;\"><span style=\"font-family: Verdana, Arial, Helvetica, sans-serif;\">Sorkuntza onenar<\/span><\/span><span style=\"color: #000000;\"><span style=\"font-family: Verdana, Arial, Helvetica, sans-serif;\">i<\/span><\/span><span style=\"color: #000000;\"><span style=\"font-family: Verdana, Arial, Helvetica, sans-serif;\"> aipamena<\/span><\/span><\/strong><\/span><\/p>\n<\/div><\/div><div class=\"wpb_text_column\"><div class=\"wpb_wrapper\"><p><span style=\"font-size: 12pt;\"><strong><em>Gloria<\/em>, <a href=\"https:\/\/laquebra.com\/\">La quebr\u00e1<\/a> (Bartzelona)<\/strong><\/span><\/p>\n<\/div><\/div><div class=\"w-separator size_huge\"><\/div><div class=\"wpb_text_column\"><div class=\"wpb_wrapper\"><h2 style=\"text-align: left;\"><span style=\"font-size: 14pt;\"><strong><span style=\"color: #000000;\"><span style=\"font-family: Verdana, Arial, Helvetica, sans-serif;\">Interpretazio onenar<\/span><\/span><span style=\"color: #000000;\"><span style=\"font-family: Verdana, Arial, Helvetica, sans-serif;\">i<\/span><\/span><span style=\"color: #000000;\"><span style=\"font-family: Verdana, Arial, Helvetica, sans-serif;\"> aipamena<\/span><\/span><\/strong><\/span><\/h2>\n<\/div><\/div><div class=\"wpb_text_column\"><div class=\"wpb_wrapper\"><p><span style=\"font-size: 12pt;\"><strong><em>Holo_Sinawi<\/em>, Ubomanli (Korea)<\/strong><\/span><\/p>\n<\/div><\/div><div class=\"w-separator size_custom\" style=\"height:2px\"><\/div><\/div><\/div><div class=\"wpb_column vc_column_container\"><div class=\"vc_column-inner\"><div class=\"w-separator size_huge\"><\/div><div class=\"w-separator size_medium\"><\/div><div class=\"w-image align_none\"><div class=\"w-image-h\"><img decoding=\"async\" width=\"400\" height=\"338\" src=\"https:\/\/actfestival.com\/wp-content\/uploads\/2024\/04\/Vientre-Maximiliano-Sanford-Dia-6_06_2024-400x338.jpg\" class=\"attachment-us_400_600 size-us_400_600\" alt=\"\" loading=\"lazy\" srcset=\"https:\/\/actfestival.com\/wp-content\/uploads\/2024\/04\/Vientre-Maximiliano-Sanford-Dia-6_06_2024-400x338.jpg 400w, https:\/\/actfestival.com\/wp-content\/uploads\/2024\/04\/Vientre-Maximiliano-Sanford-Dia-6_06_2024-300x253.jpg 300w, https:\/\/actfestival.com\/wp-content\/uploads\/2024\/04\/Vientre-Maximiliano-Sanford-Dia-6_06_2024-1024x864.jpg 1024w, https:\/\/actfestival.com\/wp-content\/uploads\/2024\/04\/Vientre-Maximiliano-Sanford-Dia-6_06_2024-474x400.jpg 474w, https:\/\/actfestival.com\/wp-content\/uploads\/2024\/04\/Vientre-Maximiliano-Sanford-Dia-6_06_2024.jpg 2000w\" sizes=\"auto, (max-width: 400px) 100vw, 400px\" \/><\/div><\/div><div class=\"w-popup w-btn-wrapper align_none\"><button aria-label=\"Click Me\" class=\"w-popup-trigger type_btn w-btn us-btn-style_32\"><span class=\"w-btn-label\">Click Me<\/span><\/button><div class=\"w-popup-overlay\" style=\"background:rgba(0,0,0,0.85);\"><\/div><div class=\"w-popup-wrap layout_default\" style=\"--title-color:var(--color-content-heading);--title-bg-color:var(--color-content-bg-alt);--content-color:var(--color-content-text);--content-bg-color:var(--color-content-bg);--popup-width:600px;--popup-padding:5%;\"><div class=\"w-popup-box animation_fadeIn closerpos_outside without_title\"><div class=\"w-popup-box-h\"><div class=\"w-popup-box-content\"><p><strong>Sobre la obra, el jurado destac\u00f3:<\/strong><br \/>\n<em>&#8220;El 1\u00ba Premio de ACT se otorga por el excelente aspecto f\u00edsico, gran interacci\u00f3n. con el p\u00fablico y utilizaci\u00f3n del espacio. Gran t\u00e9cnica de interpretaci\u00f3n y control del cuerpo. Sentimos la autenticidad de los int\u00e9rpretes. La pieza era po\u00e9tica y flu\u00eda con naturalidad. Los int\u00e9rpretes tuvieron una gran conexi\u00f3n&#8221;.<\/em><\/p>\n<\/div><\/div><\/div><div class=\"w-popup-closer\"><\/div><\/div><\/div><div class=\"w-separator size_medium\"><\/div><div class=\"w-image align_none\"><div class=\"w-image-h\"><img decoding=\"async\" width=\"400\" height=\"292\" src=\"https:\/\/actfestival.com\/wp-content\/uploads\/2024\/04\/Todo-bajo-control-Flor-Buzzo-1-Dia-7_06_2024-400x292.jpeg\" class=\"attachment-us_400_600 size-us_400_600\" alt=\"\" loading=\"lazy\" srcset=\"https:\/\/actfestival.com\/wp-content\/uploads\/2024\/04\/Todo-bajo-control-Flor-Buzzo-1-Dia-7_06_2024-400x292.jpeg 400w, https:\/\/actfestival.com\/wp-content\/uploads\/2024\/04\/Todo-bajo-control-Flor-Buzzo-1-Dia-7_06_2024-300x219.jpeg 300w, https:\/\/actfestival.com\/wp-content\/uploads\/2024\/04\/Todo-bajo-control-Flor-Buzzo-1-Dia-7_06_2024-548x400.jpeg 548w, https:\/\/actfestival.com\/wp-content\/uploads\/2024\/04\/Todo-bajo-control-Flor-Buzzo-1-Dia-7_06_2024.jpeg 800w\" sizes=\"auto, (max-width: 400px) 100vw, 400px\" \/><\/div><\/div><div class=\"w-popup w-btn-wrapper align_none\"><button aria-label=\"Click Me\" class=\"w-popup-trigger type_btn w-btn us-btn-style_32\"><span class=\"w-btn-label\">Click Me<\/span><\/button><div class=\"w-popup-overlay\" style=\"background:rgba(0,0,0,0.85);\"><\/div><div class=\"w-popup-wrap layout_default\" style=\"--title-color:var(--color-content-heading);--title-bg-color:var(--color-content-bg-alt);--content-color:var(--color-content-text);--content-bg-color:var(--color-content-bg);--popup-width:600px;--popup-padding:5%;\"><div class=\"w-popup-box animation_fadeIn closerpos_outside without_title\"><div class=\"w-popup-box-h\"><div class=\"w-popup-box-content\"><p><strong>Sobre la obra, el jurado destac\u00f3:<\/strong><br \/>\n<em>\u201cSentimos que la int\u00e9rprete ten\u00eda una gran presencia, con un concepto sencillo desarrollado de forma brillante. La t\u00e9cnica ha sido hermosa, y la mezcla de danza, teatro y circo, convincente.\u00a0 Ha sido muy accesible para todos los p\u00fablicos y muy divertido&#8221;.<\/em><\/p>\n<\/div><\/div><\/div><div class=\"w-popup-closer\"><\/div><\/div><\/div><div class=\"w-separator size_medium\"><\/div><div class=\"w-image align_none\"><div class=\"w-image-h\"><img decoding=\"async\" width=\"400\" height=\"267\" src=\"https:\/\/actfestival.com\/wp-content\/uploads\/2024\/04\/Repoblar-el-alma.-MARAVILLA-THEATRE-1-Dia-7-06-2024-400x267.jpg\" class=\"attachment-us_400_600 size-us_400_600\" alt=\"\" loading=\"lazy\" srcset=\"https:\/\/actfestival.com\/wp-content\/uploads\/2024\/04\/Repoblar-el-alma.-MARAVILLA-THEATRE-1-Dia-7-06-2024-400x267.jpg 400w, https:\/\/actfestival.com\/wp-content\/uploads\/2024\/04\/Repoblar-el-alma.-MARAVILLA-THEATRE-1-Dia-7-06-2024-300x200.jpg 300w, https:\/\/actfestival.com\/wp-content\/uploads\/2024\/04\/Repoblar-el-alma.-MARAVILLA-THEATRE-1-Dia-7-06-2024-1024x684.jpg 1024w, https:\/\/actfestival.com\/wp-content\/uploads\/2024\/04\/Repoblar-el-alma.-MARAVILLA-THEATRE-1-Dia-7-06-2024-600x400.jpg 600w\" sizes=\"auto, (max-width: 400px) 100vw, 400px\" \/><\/div><\/div><div class=\"w-popup w-btn-wrapper align_none\"><button aria-label=\"Click Me\" class=\"w-popup-trigger type_btn w-btn us-btn-style_32\"><span class=\"w-btn-label\">Click Me<\/span><\/button><div class=\"w-popup-overlay\" style=\"background:rgba(0,0,0,0.85);\"><\/div><div class=\"w-popup-wrap layout_default\" style=\"--title-color:var(--color-content-heading);--title-bg-color:var(--color-content-bg-alt);--content-color:var(--color-content-text);--content-bg-color:var(--color-content-bg);--popup-width:600px;--popup-padding:5%;\"><div class=\"w-popup-box animation_fadeIn closerpos_outside without_title\"><div class=\"w-popup-box-h\"><div class=\"w-popup-box-content\"><p><strong>Sobre la obra, el jurado destac\u00f3:<\/strong><br \/>\n<em>\u201cEnfoque maximalista de la puesta en escena y la valent\u00eda de la representaci\u00f3n. Pensamos que la obra se beneficiar\u00eda de un mayor desarrollo para refinar el concepto y fortalecer las im\u00e1genes. Fue una experiencia teatral sorprendente y desafiante, y queremos ver m\u00e1s&#8221;.<\/em><\/p>\n<\/div><\/div><\/div><div class=\"w-popup-closer\"><\/div><\/div><\/div><div class=\"w-separator size_medium\"><\/div><div class=\"w-image align_none\"><div class=\"w-image-h\"><img decoding=\"async\" width=\"400\" height=\"320\" src=\"https:\/\/actfestival.com\/wp-content\/uploads\/2024\/04\/Gloria-La-Quebra-1-Dia-6_06_2024-400x320.jpg\" class=\"attachment-us_400_600 size-us_400_600\" alt=\"\" loading=\"lazy\" srcset=\"https:\/\/actfestival.com\/wp-content\/uploads\/2024\/04\/Gloria-La-Quebra-1-Dia-6_06_2024-400x320.jpg 400w, https:\/\/actfestival.com\/wp-content\/uploads\/2024\/04\/Gloria-La-Quebra-1-Dia-6_06_2024-300x240.jpg 300w, https:\/\/actfestival.com\/wp-content\/uploads\/2024\/04\/Gloria-La-Quebra-1-Dia-6_06_2024-1024x819.jpg 1024w, https:\/\/actfestival.com\/wp-content\/uploads\/2024\/04\/Gloria-La-Quebra-1-Dia-6_06_2024-500x400.jpg 500w\" sizes=\"auto, (max-width: 400px) 100vw, 400px\" \/><\/div><\/div><div class=\"w-popup w-btn-wrapper align_none\"><button aria-label=\"Click Me\" class=\"w-popup-trigger type_btn w-btn us-btn-style_32\"><span class=\"w-btn-label\">Click Me<\/span><\/button><div class=\"w-popup-overlay\" style=\"background:rgba(0,0,0,0.85);\"><\/div><div class=\"w-popup-wrap layout_default\" style=\"--title-color:var(--color-content-heading);--title-bg-color:var(--color-content-bg-alt);--content-color:var(--color-content-text);--content-bg-color:var(--color-content-bg);--popup-width:600px;--popup-padding:5%;\"><div class=\"w-popup-box animation_fadeIn closerpos_outside without_title\"><div class=\"w-popup-box-h\"><div class=\"w-popup-box-content\"><p><strong>Sobre la obra, el jurado destac\u00f3:<\/strong><br \/>\n<em>\u201cNos encant\u00f3 el concepto, la puesta en escena, la t\u00e9cnica y el vestuario. El ritmo era fuerte y los bailarines ten\u00edan una gran presencia. La creaci\u00f3n de la imagen nos ha parecido impactante y la obra tiene un gran potencial de desarrollo&#8221;.\u00a0<\/em><\/p>\n<\/div><\/div><\/div><div class=\"w-popup-closer\"><\/div><\/div><\/div><div class=\"w-separator size_medium\"><\/div><div class=\"w-image align_none\"><div class=\"w-image-h\"><img decoding=\"async\" width=\"400\" height=\"600\" src=\"https:\/\/actfestival.com\/wp-content\/uploads\/2024\/04\/Holo_Sinawi-UBOMANLI-1-Dia-7_06_2024-400x600.jpg\" class=\"attachment-us_400_600 size-us_400_600\" alt=\"\" loading=\"lazy\" srcset=\"https:\/\/actfestival.com\/wp-content\/uploads\/2024\/04\/Holo_Sinawi-UBOMANLI-1-Dia-7_06_2024-400x600.jpg 400w, https:\/\/actfestival.com\/wp-content\/uploads\/2024\/04\/Holo_Sinawi-UBOMANLI-1-Dia-7_06_2024-200x300.jpg 200w, https:\/\/actfestival.com\/wp-content\/uploads\/2024\/04\/Holo_Sinawi-UBOMANLI-1-Dia-7_06_2024-683x1024.jpg 683w, https:\/\/actfestival.com\/wp-content\/uploads\/2024\/04\/Holo_Sinawi-UBOMANLI-1-Dia-7_06_2024-267x400.jpg 267w, https:\/\/actfestival.com\/wp-content\/uploads\/2024\/04\/Holo_Sinawi-UBOMANLI-1-Dia-7_06_2024-scaled.jpg 1707w\" sizes=\"auto, (max-width: 400px) 100vw, 400px\" \/><\/div><\/div><div class=\"w-popup w-btn-wrapper align_none\"><button aria-label=\"Click Me\" class=\"w-popup-trigger type_btn w-btn us-btn-style_32\"><span class=\"w-btn-label\">Click Me<\/span><\/button><div class=\"w-popup-overlay\" style=\"background:rgba(0,0,0,0.85);\"><\/div><div class=\"w-popup-wrap layout_default\" style=\"--title-color:var(--color-content-heading);--title-bg-color:var(--color-content-bg-alt);--content-color:var(--color-content-text);--content-bg-color:var(--color-content-bg);--popup-width:600px;--popup-padding:5%;\"><div class=\"w-popup-box animation_fadeIn closerpos_outside without_title\"><div class=\"w-popup-box-h\"><div class=\"w-popup-box-content\"><p><strong>Sobre la obra, el jurado destac\u00f3:<\/strong><br \/>\n<em>\u201cEl p\u00fablico disfrut\u00f3 con una actuaci\u00f3n cautivadora, que mostr\u00f3 una t\u00e9cnica s\u00f3lida y precisi\u00f3n en los movimientos. Nos encant\u00f3 la innovadora mezcla de elementos f\u00edsicos y visuales&#8221;.<\/em><\/p>\n<\/div><\/div><\/div><div class=\"w-popup-closer\"><\/div><\/div><\/div><\/div><\/div><\/div><\/div><\/section>\n","protected":false},"excerpt":{"rendered":"Palmar\u00e9s ACT 2024 2024ko ACTeko epaimahaia. Jo Manavopoulou, Ahlma El Morsli eta Mike Pony-k osatu dute aurton. Eta honako epaia eman du: ACT 2024 SARI NAGUSIA Vientre, Cia Maximiliano Sanford e Yeinner Chicas (Bartzelona) 2.000 \u20ac-ko diru-saria, ACT 2025ean egindako lana erakusteko aukeraz gain. DURI Saria Todo bajo control, Flor Buzzo (Frantzia) Saritutako konpainiak Seulera...","protected":false},"author":1,"featured_media":0,"parent":0,"menu_order":0,"comment_status":"closed","ping_status":"closed","template":"","meta":{"_acf_changed":false,"footnotes":""},"class_list":["post-19262","page","type-page","status-publish","hentry"],"acf":[],"_links":{"self":[{"href":"https:\/\/actfestival.com\/eu\/wp-json\/wp\/v2\/pages\/19262","targetHints":{"allow":["GET"]}}],"collection":[{"href":"https:\/\/actfestival.com\/eu\/wp-json\/wp\/v2\/pages"}],"about":[{"href":"https:\/\/actfestival.com\/eu\/wp-json\/wp\/v2\/types\/page"}],"author":[{"embeddable":true,"href":"https:\/\/actfestival.com\/eu\/wp-json\/wp\/v2\/users\/1"}],"replies":[{"embeddable":true,"href":"https:\/\/actfestival.com\/eu\/wp-json\/wp\/v2\/comments?post=19262"}],"version-history":[{"count":3,"href":"https:\/\/actfestival.com\/eu\/wp-json\/wp\/v2\/pages\/19262\/revisions"}],"predecessor-version":[{"id":19265,"href":"https:\/\/actfestival.com\/eu\/wp-json\/wp\/v2\/pages\/19262\/revisions\/19265"}],"wp:attachment":[{"href":"https:\/\/actfestival.com\/eu\/wp-json\/wp\/v2\/media?parent=19262"}],"curies":[{"name":"wp","href":"https:\/\/api.w.org\/{rel}","templated":true}]}}